{"id":322,"date":"2017-09-18T10:07:44","date_gmt":"2017-09-18T10:07:44","guid":{"rendered":"http:\/\/aviana.mikado-themes.com\/?page_id=322"},"modified":"2025-03-03T08:53:07","modified_gmt":"2025-03-03T08:53:07","slug":"servicios-perse-estetica","status":"publish","type":"page","link":"https:\/\/www.perseestetica.com\/index.php\/servicios-perse-estetica\/","title":{"rendered":"servicios"},"content":{"rendered":"<div class=\"wpb-content-wrapper\"><p>[vc_row row_content_width=\u00bbgrid\u00bb content_text_aligment=\u00bbcenter\u00bb css=\u00bb.vc_custom_1508331467300{padding-top: 110px !important;}\u00bb][vc_column]<div class=\"mkdf-elements-holder   mkdf-one-column  mkdf-responsive-mode-768 \" ><div class=\"mkdf-eh-item    \"  data-item-class=\"mkdf-eh-custom-5011\" data-1280-1600=\"0 21% 78px\" data-1024-1280=\"0 15% 78px\" data-768-1024=\"0 0 78px\" data-680-768=\"0 0 78px\" data-680=\"0 0 78px\">\n\t\t<div class=\"mkdf-eh-item-inner\">\n\t\t<div class=\"mkdf-eh-item-content mkdf-eh-custom-5011\" style=\"padding: 0 21% 78px\">\n\t\t\t<div class=\"mkdf-section-title-holder  mkdf-st-standard mkdf-st-title-left mkdf-st-normal-space \" style=\"text-align: center\">\n\t<div class=\"mkdf-st-inner\">\n\t\t\n\t\t\t\t\t\t\t<h2 class=\"mkdf-st-title\" >\n\t\t\t\tServicios\t\t\t<\/h2>\n\t\t\t\t\t\t\t<h6 class=\"mkdf-st-text\" >\n\t\t\t\tDescubre nuestros servicios de est\u00e9tica, belleza y bienestar. No dudes en ponerte en contacto con nosotras o pasar por PER SE est\u00e9tica para informarte y que te asesoremos (calle Florida 53 B, 01005 Vitoria-Gasteiz).\t\t\t<\/h6>\n\t\t\t<\/div>\n<\/div>\t\t<\/div>\n\t<\/div>\n<\/div><\/div>[\/vc_column][\/vc_row][vc_row css=\u00bb.vc_custom_1513603753847{margin-right: 10% !important;margin-left: 10% !important;}\u00bb][vc_column][vc_single_image image=\u00bb3077&#8243; img_size=\u00bbfull\u00bb alignment=\u00bbcenter\u00bb][vc_column_text]<\/p>\n<h2 style=\"text-align: center;\"><span style=\"color: #a46739;\">TRATAMIENTOS FACIALES<\/span><\/h2>\n<p style=\"text-align: center;\"><span style=\"font-size: 20px; color: #000000;\">La cara es el espejo del alma.<\/span><\/p>\n<p style=\"text-align: center;\"><span style=\"font-size: 14px; color: #000000;\">Refranero popular.<\/span><\/p>\n<p class=\"p1\"><span class=\"s1\"><b>Higienes y m\u00faltiples tratamientos faciales<\/b>\u00a0(hidrataci\u00f3n, oxigenaci\u00f3n, antiarrugas, acn\u00e9, manchas\u2026)\u00a0<b>que nos permiten adaptarnos a los distintos tipos de piel y necesidades del cliente.<\/b><\/span><\/p>\n<p class=\"p1\"><span class=\"s1\"><strong>1.-<\/strong> Alisa las arrugas, consigue un cutis uniforme, reduce la porosidad, incrementa el grosor de la piel, consigue un aspecto m\u00e1s vital o una piel m\u00e1s tersa con la <b><span style=\"color: #9e7231;\">tecnolog\u00eda BYONIK<\/span>;<\/b> <strong>que sin inyecciones ni implantes proporciona volumen y elasticidad a todo tipo de pieles.<\/strong> Los resultados son visibles desde la primera aplicaci\u00f3n. BYONIC es un tratamiento natural, duradero e indoloro. Estimula la vitalidad de la piel y retrasa el proceso natural de envejecimiento.<\/span><\/p>\n<p class=\"p1\"><span class=\"s1\"><span style=\"color: #9e7231;\"><b><strong>2.-<\/strong> Los tratamientos de FOTOREJUVENECIMIENTO <\/b><\/span>nos permiten trabajar con los beneficiosos efectos de la luz pulsada<b>.<\/b> <strong>La tecnolog\u00eda Ligh4you<\/strong> ha conseguido visibles mejoras incluso en condiciones an\u00f3malas de piel (couperose, arrugas finas y superficiales, capilares superficiales y manchas en la piel). Su acci\u00f3n vigorizante <strong>estimula la producci\u00f3n de sustancias naturales ben\u00e9ficas que cooperan en la reducci\u00f3n de arrugas y que hacen que la piel est\u00e9 m\u00e1s clara, lisa y el\u00e1stica con un efecto de sedosidad al tacto.<\/strong><\/span><\/p>\n<p class=\"p1\"><span class=\"s1\"><strong>3.-<\/strong> La sabidur\u00eda transgeneracional y cultural sobre el poder de las plantas es el origen de\u00a0<b>esencia herbal; <span style=\"color: #9e7231;\">el tratamiento facial de BIO-PEELING<\/span> de la prestigiosa firma Neoderma. <\/b>Un tratamiento profesional\u00a0<strong>basado en algas, aceites esenciales y extractos de hierbas que mejora el riego sangu\u00edneo, estimula la renovaci\u00f3n celular y rejuvenece la piel.\u00a0Equilibra la piel grasa y reduce el acn\u00e9, la hiperpigmentaci\u00f3n y arrugas.\u00a0Un tratamiento 100% natural<\/strong>\u00a0herbal sin \u00e1cidos y con resultados visibles desde la primera aplicaci\u00f3n.<\/span><\/p>\n<p class=\"p2\"><span class=\"s2\"><span style=\"color: #9e7231;\"><b><span class=\"s1\"><strong>4.-<\/strong> <\/span>Tratamiento de RADIOFRECUENCIA multipolar: <\/b><\/span>el tratamiento favorito de las famosas para lucir una piel m\u00e1s joven. <strong>Una t\u00e9cnica no invasiva para rejuvenecer el rostro. <\/strong><\/span><span class=\"s1\">Es un sistema que estimula la producci\u00f3n de col\u00e1geno propio mediante la elevaci\u00f3n de la temperatura de la dermis. Este aumento de col\u00e1geno da tensi\u00f3n al tejido y la zona tratada, consiguiendo as\u00ed\u00a0disminuir la flacidez\u00a0y rejuveneciendo del \u00e1rea en cuesti\u00f3n. <\/span><\/p>\n<p class=\"p2\"><span class=\"s2\"><span class=\"s1\"><strong>5.1-<\/strong> <\/span>Llega la revoluci\u00f3n a tu piel con los <b><span style=\"color: #9e7231;\">tratamientos BEOXY. <\/span><\/b><\/span><span class=\"s1\">Adem\u00e1s de mejorar la flacidez, las l\u00edneas de expresi\u00f3n y potenciar la luminosidad,\u00a0tiene <strong>un\u00a0efecto tensor y flash<\/strong>\u00a0pero tambi\u00e9n consigue ser un tratamiento progresivo porque sirve para <strong>mejorar las cicatrices del acn\u00e9, los eccemas, la ros\u00e1cea y cuperosis, incluso la hiperpigmentaci\u00f3n, adem\u00e1s de las arrugas y la flacidez.<\/strong> <\/span><span class=\"s1\">Un tratamiento no invasivo que rejuvenece, hidrata y reafirma con resultados garantizados desde la primera sesi\u00f3n y apto para todo tipo de pieles, edades, sin tiempo de recuperaci\u00f3n ni contraindicaciones. <\/span><span class=\"s1\">Tu piel necesita respirar. Esta capacidad natural de la c\u00e9lula se ve afectada por las condiciones de la vida<span class=\"Apple-converted-space\">\u00a0 <\/span>moderna. Sometida a la poluci\u00f3n y otras agresiones medio ambientales, la c\u00e9lula sufre, se asfixia, disminuyen sus capacidades metab\u00f3licas. <\/span><span class=\"s1\"><strong>Una combinaci\u00f3n de ox\u00edgeno puro y serum exclusivamente dise\u00f1ado y formulados para activar la oxigenaci\u00f3n y regeneraci\u00f3n celular.<\/strong> <\/span><span class=\"s1\">Aporta ox\u00edgeno a nuestra piel con un 95% de pureza logrando la mayor absorci\u00f3n y potenciando el efecto de los sueros formados para potenciar la hidrataci\u00f3n, reactivar la circulaci\u00f3n, logrando un efecto relleno durante d\u00edas o meses dependiendo del n\u00famero de sesiones realizadas. Con este tratamiento conseguir\u00e1s disminuir las l\u00edneas de expresi\u00f3n, hidratar, nutrir y devolver la vitalidad a tu piel. <\/span><\/p>\n<p class=\"p4\"><span class=\"s1\"><strong>5.2.-<\/strong> <strong>Otro tratamiento de BEOXY<\/strong> es el<span class=\"Apple-converted-space\">\u00a0 <b> <span style=\"color: #9e7231;\">tratamiento de<\/span><\/b><\/span><b>\u00a0<span style=\"color: #9e7231;\">HIDRODERMOABRASI\u00d3N<\/span><\/b>: un tratamiento a base de agua y puntas de diamante que realiza una <strong>limpieza profunda de la piel ayudando a eliminar las c\u00e9lulas muertas, puntos negros y grasa, estimulando al mismo tiempo la regeneraci\u00f3n celular y activando la oxigenaci\u00f3n. <\/strong><\/span><\/p>\n<p class=\"p7\"><span class=\"s1\">Si quieres un tratamiento m\u00e1s completo BEOXY comienza por combinar ambos tratamientos y conseguir\u00e1s unos resultados incre\u00edbles y ser\u00e1s la envidia de todo el corral, pero ya sabes, estos tratamientos puedes realizarlos combinados o por separado. <\/span><\/p>\n<p class=\"p1\"><span class=\"s1\"><strong>6.-<\/strong> <\/span>Si buscas dar luminosidad a tu rostro y contorno de ojos, prueba<strong> <span class=\"s1\"><span class=\"Apple-converted-space\"><b><span style=\"color: #9e7231;\">el <\/span><\/b><\/span><\/span><span class=\"s1\"><span class=\"Apple-converted-space\"><b><span style=\"color: #9e7231;\">tratamiento <\/span><\/b><\/span><\/span><span class=\"s1\"><b><span style=\"color: #9e7231;\">CYFOLIA BIO<\/span><\/b><\/span>.<\/strong> La luminosidad intensificada gracias al <strong>alga Cyfolia bio<\/strong>, reveladora de una <strong>luminosidad inmediata.<\/strong> La l\u00ednea de productos de cuidado facial CYFOLIA ORGANIC de @Phytomer utiliza f\u00f3rmulas veganas totalmente naturales que buscan hidrataci\u00f3n, luminosidad y alivio. Perfecto para rostros apagados y cansados. Una oferta adaptada a todos los tipos de piel. <strong>Un tratamiento con certificaci\u00f3n ecol\u00f3gica.<\/strong><\/p>\n<p class=\"p1\"><span class=\"s1\"><strong>7.-<\/strong> <strong><span class=\"Apple-converted-space\"><b><span style=\"color: #9e7231;\">Tratamiento FLORALOVE <\/span><\/b><\/span><\/strong>de Fleur\u00b4s, <\/span><span class=\"s2\">\u00a0un tratamiento en cabina que dejar\u00e1 tu piel m\u00e1s rellena, m\u00e1s bonita, lisa, sonrosada y radiante<\/span><span class=\"s3\">. <\/span><span class=\"s4\">Dise\u00f1ada para todas las mujeres, <strong>para resetear tu piel.<\/strong><\/span><\/p>\n<p>[\/vc_column_text][\/vc_column][\/vc_row][vc_row css=\u00bb.vc_custom_1513607192121{margin-top: 5% !important;margin-right: 10% !important;margin-left: 10% !important;}\u00bb][vc_column][vc_single_image image=\u00bb3114&#8243; img_size=\u00bbfull\u00bb alignment=\u00bbcenter\u00bb][vc_column_text]<\/p>\n<h2 style=\"text-align: center;\"><span style=\"color: #a46739;\">TRATAMIENTOS CORPORALES<\/span><\/h2>\n<p style=\"text-align: center;\"><span style=\"font-size: 20px; color: #000000;\">El cuerpo es el templo del esp\u00edritu<\/span><\/p>\n<p style=\"text-align: center;\"><span style=\"font-size: 14px; color: #000000;\">Proverbio oriental<\/span><\/p>\n<p style=\"text-align: left;\"><strong>En PER SE pondemos a tu disposici\u00f3n tratamientos de belleza, masajes, tratamientos de algoterapia, hidrataci\u00f3n, relajaci\u00f3n o peelings corporales. <\/strong><\/p>\n<p><strong>Presoterapia Ballancer.<\/strong> Mediante un drenaje linf\u00e1tico y una activaci\u00f3n vascular profunda podemos trabajar brazos o piernas para <strong>tonificar, luchar contra la celulitis etc.<\/strong><\/p>\n<p><strong>Radiofrecuencia Mabel Pro multipolar.<\/strong> La tecnolog\u00eda multipolar permite <strong>adelgazar, moldear o tonificar<\/strong> y muestra resultados desde el primer tratamiento sin dolor. La variaci\u00f3n en la frecuencia y polaridad permite acceder a las distintas capas de grasa del \u00e1rea objetivo de manera no invasiva. Es un tratamiento eficaz en todos los tipos de piel y reduce la apariencia de la celulitis sin efectos secundarios.<\/p>\n<p class=\"p1\"><strong>Programa adelgazan P5.<\/strong> <span class=\"s1\">Un tratamiento <strong>ideal para adelgazar<\/strong> en todo el cuerpo, que combina un masaje t\u00f3nico y una envoltura a base de pur\u00e9 de algas, para refinar curvas, remodelar y tonificar la silueta. <\/span><\/p>\n<p>[\/vc_column_text][\/vc_column][\/vc_row][vc_row css=\u00bb.vc_custom_1513614607701{margin-top: 5% !important;margin-right: 10% !important;margin-left: 10% !important;}\u00bb][vc_column][vc_single_image image=\u00bb3076&#8243; img_size=\u00bbfull\u00bb alignment=\u00bbcenter\u00bb][vc_column_text]<\/p>\n<h2 style=\"text-align: center;\"><span style=\"color: #a46739;\">DEPILACI\u00d3N<\/span><\/h2>\n<p style=\"text-align: center;\"><span style=\"font-size: 20px; color: #000000;\">A veces tocar la piel es tan dulce<br \/>\ncomo tomar entre los dedos un pedazo de bruma.<\/span><\/p>\n<p style=\"text-align: center;\"><span style=\"font-size: 14px; color: #000000;\">Jorge Debravo.<\/span><\/p>\n<p>En PER SE ponemos a tu alcance <strong>distintas t\u00e9cnicas de depilaci\u00f3n<\/strong> para distintos tipos de pieles y vellos:<strong> cera de baja fusi\u00f3n y fr\u00eda, depilaci\u00f3n el\u00e9ctrica, l\u00e1ser y sonda. <\/strong>Soluciones eficaces y respetuosas con la dermis.<\/p>\n<p><strong><span style=\"color: #a46739;\">CERA DE BAJA FUSI\u00d3N Y FR\u00cdA:<\/span><\/strong><br \/>\nEn PER SE ponemos a tu disposici\u00f3n la <strong>cera hipoalerg\u00e9nica STAR SOFT.<\/strong> Un novedoso tratamiento de depilaci\u00f3n premium m\u00e1s respetuoso con la piel con activos neurosensoriales que ayudan a recuperar la dermis significativamente despu\u00e9s de la depilaci\u00f3n.<\/p>\n<p><strong><span style=\"color: #a46739;\">DEPILACI\u00d3N EL\u00c9CTRICA:<\/span><\/strong><br \/>\n<strong>La depilaci\u00f3n el\u00e9ctrica garantiza la eliminaci\u00f3n de todo tipo de vello no deseado independientemente de su color, grosor o ubicaci\u00f3n mediante emisiones controladas de corriente galv\u00e1nica y alta frecuencia. Recomendada para \u00e1reas localizadas, eliminaci\u00f3n de vello residual resistente o en casos en los que no es posible otro tipo de depilaci\u00f3n.<\/strong><\/p>\n<p><strong><span style=\"color: #a46739;\">DEPILACI\u00d3N L\u00c1SER:<\/span><\/strong><br \/>\n<strong>La depilaci\u00f3n l\u00e1ser<\/strong> <strong>nos permite con la \u00faltima tecnolog\u00eda, adaptarnos al aspecto, color de piel y vello.<\/strong> La tecnolog\u00eda Light4you permite obtener <strong>excelentes resultados con la m\u00e1xima seguridad.<\/strong> Los impulsos de la luz de alta densidad golpean los bulbos pil\u00edferos sobrecalent\u00e1ndolos y destruy\u00e9ndolos. <strong>La duraci\u00f3n del tratamiento depende de la zona y las caracter\u00edsticas del vello. No dudes en consultarnos.<\/strong><\/p>\n<p><strong><span style=\"color: #a46739;\">DEPILACI\u00d3N POR SONDA:<\/span><\/strong><br \/>\nPara un vello d\u00e9bil, abundante y rubio se recomienda la<strong> depilaci\u00f3n por sonda. <\/strong>Un revolucionario sistema de<strong> debilitamiento y retraso en la aparici\u00f3n que permite una depilaci\u00f3n progesiva con una acci\u00f3n degenerativa en la ra\u00edz <\/strong>que lo convierte en un complemento interesante para otras t\u00e9cnicas o zonas[\/vc_column_text][vc_empty_space height=\u00bb20px\u00bb][vc_column_text]<\/p>\n<h2 style=\"text-align: center;\"><span style=\"color: #a46739;\">DISE\u00d1O DE CEJAS<\/span><\/h2>\n<p style=\"text-align: center;\"><span style=\"font-size: 20px; color: #000000;\">Por una mirada, un mundo.<\/span><\/p>\n<p style=\"text-align: center;\"><span style=\"font-size: 14px; color: #000000;\">G. A. B\u00e9cquer.<\/span><\/p>\n<p>En PER SE <strong>somos especialistas en el dise\u00f1o de cejas. <\/strong>Potencia tu mirada con servicios como la<strong> permanente, el lifting o el tinte de pesta\u00f1as y cejas <\/strong>y descubre c\u00f3mo un buen dise\u00f1o de cejas puede cambiar el rostro aportando luminosidad o rejuveneciendo la expresi\u00f3n.<\/p>\n<p><strong>Descubre el lifting de pesta\u00f1as ellevate con keratina, biotina y arguinina. <\/strong>Un nuevo sistema de lifting para las pesta\u00f1as que utiliza moldes de silicona que junto con el adhesivo de efecto tensor<strong> realza la pesta\u00f1a natural. <\/strong>[\/vc_column_text][\/vc_column][\/vc_row][vc_row css=\u00bb.vc_custom_1513614677000{margin-top: 5% !important;margin-right: 10% !important;margin-left: 10% !important;}\u00bb][vc_column][vc_single_image image=\u00bb3079&#8243; img_size=\u00bbfull\u00bb alignment=\u00bbcenter\u00bb][vc_column_text]<\/p>\n<h2 style=\"text-align: center;\"><span style=\"color: #a46739;\">MANICURA Y PEDICURA<\/span><\/h2>\n<p style=\"text-align: center;\"><span style=\"font-size: 20px; color: #000000;\">Tan solo encuentra lo que hay en tus manos.<\/span><\/p>\n<p style=\"text-align: center;\"><span style=\"font-size: 14px; color: #000000;\">Pablo Neruda.<\/span><\/p>\n<p><strong>En PER SE cuidamos de tus manos y pies. Hacemos la pedicura y manicura, manicura francesa, manicura semipermanente y el tratamiento spa de manos y pies <\/strong>(exfoliaci\u00f3n y masaje con parafina para cuidado y reparaci\u00f3n de manos, u\u00f1as y pies).<strong> La parafinoterapia nos permite hidratar, nutrir reparar y proteger <\/strong>la piel de las agresiones externas.<\/p>\n<p><strong>Ponemos a tu disposici\u00f3n VICTORIA VYNN, una gama de esmaltes hipoalerg\u00e9nicos basados en una f\u00f3rmula sin olor libre de vapores. <\/strong>Esta gama est\u00e1 especialmente indicada para manos y u\u00f1as sensibles. Ofrece una cobertura total despu\u00e9s de la primera capa y una duraci\u00f3n de hasta 3 semanas.[\/vc_column_text][\/vc_column][\/vc_row][vc_row css=\u00bb.vc_custom_1513614700504{margin-top: 5% !important;margin-right: 10% !important;margin-left: 10% !important;}\u00bb][vc_column width=\u00bb1\/3&#8243;][vc_single_image image=\u00bb3078&#8243; img_size=\u00bbfull\u00bb alignment=\u00bbcenter\u00bb][vc_column_text]<\/p>\n<h2 style=\"text-align: center;\"><span style=\"color: #a46739;\">MAQUILLAJE<\/span><\/h2>\n<p style=\"text-align: center;\"><span style=\"font-size: 20px; color: #000000;\">Bajo el maquillaje y una sonrisa,\u00a0solo hay una chica interesada\u00a0por el mundo que le rodea.<\/span><\/p>\n<p style=\"text-align: center;\"><span style=\"font-size: 14px; color: #000000;\">Marylin Monroe.<\/span><\/p>\n<p><strong>En PER SE ponemos a tu disposici\u00f3n un servicio de maquillaje profesional <\/strong>para una ocasi\u00f3n especial o la definici\u00f3n del estilo para tu d\u00eda a d\u00eda.<\/p>\n<p><strong>\u00a0<\/strong><\/p>\n<p><strong>\u00a0<\/strong><\/p>\n<p><strong>\u00a0<\/strong>[\/vc_column_text][\/vc_column][vc_column width=\u00bb1\/3&#8243;][vc_single_image image=\u00bb3115&#8243; img_size=\u00bbfull\u00bb alignment=\u00bbcenter\u00bb][vc_column_text]<\/p>\n<h2 style=\"text-align: center;\"><span style=\"color: #a46739;\">PRE Y POST PARTO<\/span><\/h2>\n<p style=\"text-align: center;\"><span style=\"font-size: 20px; color: #000000;\">Un hijo es el coraz\u00f3n de una madre en otro cuerpo. Una madre es la huella de un ni\u00f1o en otro cuerpo.<\/span><\/p>\n<p style=\"text-align: center;\"><span style=\"font-size: 14px; color: #000000;\">An\u00f3nimo.<\/span><\/p>\n<p>La maternidad es un momento m\u00e1gico en el que nuestro cuerpo nos necesita m\u00e1s que nunca. <strong>Rel\u00e1jate, cuida la hidrataci\u00f3n, favorece la circulaci\u00f3n, encuentra descanso, previene y agiliza la recuperaci\u00f3n con nuestros masajes y tratamientos.<\/strong><\/p>\n<p><strong>\u00a0<\/strong><\/p>\n<p><strong>\u00a0<\/strong><\/p>\n<p><strong>\u00a0<\/strong>[\/vc_column_text][\/vc_column][vc_column width=\u00bb1\/3&#8243;][vc_single_image image=\u00bb3116&#8243; img_size=\u00bbfull\u00bb alignment=\u00bbcenter\u00bb][vc_column_text]<\/p>\n<h2 style=\"text-align: center;\"><span style=\"color: #a46739;\">NOVIOS<\/span><\/h2>\n<p style=\"text-align: center;\"><span style=\"font-size: 20px; color: #000000;\">De nadie ser\u00e9 solo de ti. Hasta que mis huesos se vuelvan cenizas y mi coraz\u00f3n deje de latir.<\/span><\/p>\n<p style=\"text-align: center;\"><span style=\"font-size: 14px; color: #000000;\">Pablo Neruda.<\/span><\/p>\n<p><strong>Disfruta de un momento de relax antes o despu\u00e9s de ese d\u00eda especial <\/strong>con un tratamiento de belleza o un masaje en PER SE.[\/vc_column_text][\/vc_column][\/vc_row][vc_row][vc_column width=\u00bb2\/3&#8243; css=\u00bb.vc_custom_1526485991938{padding-left: 25% !important;}\u00bb][vc_column_text]\u00a9 PER SE ESTETICA &#8211; <a href=\"https:\/\/www.perseestetica.com\/wp-content\/uploads\/2018\/09\/politica_privacidad.pdf\">Pol\u00edtica de Privacidad<\/a> &#8211; <a href=\"https:\/\/laconsultacreativa.com\/\" target=\"_blank\" rel=\"noopener noreferrer\">Dise\u00f1o Web: La Consulta Creativa<\/a>[\/vc_column_text][\/vc_column][vc_column width=\u00bb1\/3&#8243;][vc_column_text]<\/p>\n<p style=\"text-align: center;\"><a href=\"https:\/\/www.facebook.com\/perseesteticua\/\"><img loading=\"lazy\" decoding=\"async\" class=\"size-full wp-image-3208 alignleft\" src=\"http:\/\/www.perseestetica.com\/wp-content\/uploads\/2017\/12\/icono_facebook.png\" alt=\"\" width=\"43\" height=\"50\" \/><\/a><a href=\"https:\/\/www.instagram.com\/perse_esteticua\/\"><img loading=\"lazy\" decoding=\"async\" class=\"size-full wp-image-3209 alignleft\" src=\"http:\/\/www.perseestetica.com\/wp-content\/uploads\/2017\/12\/icono_instagram.png\" alt=\"\" width=\"43\" height=\"50\" \/><\/a><a href=\" https:\/\/open.spotify.com\/user\/yagk4yaq647lufoj18id96ur2\/playlist\/30OiEwS7c0a0GS86K5Lg75\"><img loading=\"lazy\" decoding=\"async\" class=\"size-full wp-image-3277 alignleft\" src=\"http:\/\/www.perseestetica.com\/wp-content\/uploads\/2018\/01\/icono_spotify.png\" alt=\"\" width=\"43\" height=\"50\" \/><\/a><\/p>\n<p>[\/vc_column_text][\/vc_column][\/vc_row]<\/p>\n<\/div>","protected":false},"excerpt":{"rendered":"<p>[vc_row row_content_width=\u00bbgrid\u00bb content_text_aligment=\u00bbcenter\u00bb css=\u00bb.vc_custom_1508331467300{padding-top: 110px !important;}\u00bb][vc_column][\/vc_column][\/vc_row][vc_row css=\u00bb.vc_custom_1513603753847{margin-right: 10% !important;margin-left: 10% !important;}\u00bb][vc_column][vc_single_image image=\u00bb3077&#8243; img_size=\u00bbfull\u00bb alignment=\u00bbcenter\u00bb][vc_column_text] TRATAMIENTOS FACIALES La cara es el espejo del alma. Refranero popular. Higienes y m\u00faltiples tratamientos faciales\u00a0(hidrataci\u00f3n, oxigenaci\u00f3n, antiarrugas, acn\u00e9, manchas\u2026)\u00a0que nos permiten adaptarnos a los distintos [&hellip;]<\/p>\n","protected":false},"author":1,"featured_media":0,"parent":0,"menu_order":0,"comment_status":"closed","ping_status":"closed","template":"full-width.php","meta":{"footnotes":""},"class_list":["post-322","page","type-page","status-publish","hentry"],"yoast_head":"<!-- This site is optimized with the Yoast SEO plugin v27.0 - https:\/\/yoast.com\/product\/yoast-seo-wordpress\/ -->\n<title>servicios - PER SE ESTETICA<\/title>\n<meta name=\"description\" content=\"Servicios est\u00e9tica y belleza de PER SE ESTETICA, tu centro en Vitoria-Gasteiz. Tratamiento facial, corporal, depilaci\u00f3n, dise\u00f1o de cejas y maquillaje.\" \/>\n<meta name=\"robots\" content=\"index, follow, max-snippet:-1, max-image-preview:large, max-video-preview:-1\" \/>\n<link rel=\"canonical\" href=\"https:\/\/www.perseestetica.com\/index.php\/servicios-perse-estetica\/\" \/>\n<meta property=\"og:locale\" content=\"es_ES\" \/>\n<meta property=\"og:type\" content=\"article\" \/>\n<meta property=\"og:title\" content=\"servicios - PER SE ESTETICA\" \/>\n<meta property=\"og:description\" content=\"Servicios est\u00e9tica y belleza de PER SE ESTETICA, tu centro en Vitoria-Gasteiz. Tratamiento facial, corporal, depilaci\u00f3n, dise\u00f1o de cejas y maquillaje.\" \/>\n<meta property=\"og:url\" content=\"https:\/\/www.perseestetica.com\/index.php\/servicios-perse-estetica\/\" \/>\n<meta property=\"og:site_name\" content=\"PER SE ESTETICA\" \/>\n<meta property=\"article:modified_time\" content=\"2025-03-03T08:53:07+00:00\" \/>\n<meta property=\"og:image\" content=\"http:\/\/www.perseestetica.com\/wp-content\/uploads\/2017\/12\/icono_facebook.png\" \/>\n<meta name=\"twitter:card\" content=\"summary_large_image\" \/>\n<meta name=\"twitter:label1\" content=\"Tiempo de lectura\" \/>\n\t<meta name=\"twitter:data1\" content=\"10 minutos\" \/>\n<script type=\"application\/ld+json\" class=\"yoast-schema-graph\">{\"@context\":\"https:\/\/schema.org\",\"@graph\":[{\"@type\":\"WebPage\",\"@id\":\"https:\/\/www.perseestetica.com\/index.php\/servicios-perse-estetica\/\",\"url\":\"https:\/\/www.perseestetica.com\/index.php\/servicios-perse-estetica\/\",\"name\":\"servicios - PER SE ESTETICA\",\"isPartOf\":{\"@id\":\"https:\/\/www.perseestetica.com\/#website\"},\"primaryImageOfPage\":{\"@id\":\"https:\/\/www.perseestetica.com\/index.php\/servicios-perse-estetica\/#primaryimage\"},\"image\":{\"@id\":\"https:\/\/www.perseestetica.com\/index.php\/servicios-perse-estetica\/#primaryimage\"},\"thumbnailUrl\":\"http:\/\/www.perseestetica.com\/wp-content\/uploads\/2017\/12\/icono_facebook.png\",\"datePublished\":\"2017-09-18T10:07:44+00:00\",\"dateModified\":\"2025-03-03T08:53:07+00:00\",\"description\":\"Servicios est\u00e9tica y belleza de PER SE ESTETICA, tu centro en Vitoria-Gasteiz. Tratamiento facial, corporal, depilaci\u00f3n, dise\u00f1o de cejas y maquillaje.\",\"breadcrumb\":{\"@id\":\"https:\/\/www.perseestetica.com\/index.php\/servicios-perse-estetica\/#breadcrumb\"},\"inLanguage\":\"es\",\"potentialAction\":[{\"@type\":\"ReadAction\",\"target\":[\"https:\/\/www.perseestetica.com\/index.php\/servicios-perse-estetica\/\"]}]},{\"@type\":\"ImageObject\",\"inLanguage\":\"es\",\"@id\":\"https:\/\/www.perseestetica.com\/index.php\/servicios-perse-estetica\/#primaryimage\",\"url\":\"http:\/\/www.perseestetica.com\/wp-content\/uploads\/2017\/12\/icono_facebook.png\",\"contentUrl\":\"http:\/\/www.perseestetica.com\/wp-content\/uploads\/2017\/12\/icono_facebook.png\"},{\"@type\":\"BreadcrumbList\",\"@id\":\"https:\/\/www.perseestetica.com\/index.php\/servicios-perse-estetica\/#breadcrumb\",\"itemListElement\":[{\"@type\":\"ListItem\",\"position\":1,\"name\":\"Portada\",\"item\":\"https:\/\/www.perseestetica.com\/\"},{\"@type\":\"ListItem\",\"position\":2,\"name\":\"servicios\"}]},{\"@type\":\"WebSite\",\"@id\":\"https:\/\/www.perseestetica.com\/#website\",\"url\":\"https:\/\/www.perseestetica.com\/\",\"name\":\"PER SE ESTETICA\",\"description\":\"Centro de est\u00e9tica y bienestar en Vitoria-Gasteiz\",\"potentialAction\":[{\"@type\":\"SearchAction\",\"target\":{\"@type\":\"EntryPoint\",\"urlTemplate\":\"https:\/\/www.perseestetica.com\/?s={search_term_string}\"},\"query-input\":{\"@type\":\"PropertyValueSpecification\",\"valueRequired\":true,\"valueName\":\"search_term_string\"}}],\"inLanguage\":\"es\"}]}<\/script>\n<!-- \/ Yoast SEO plugin. -->","yoast_head_json":{"title":"servicios - PER SE ESTETICA","description":"Servicios est\u00e9tica y belleza de PER SE ESTETICA, tu centro en Vitoria-Gasteiz. Tratamiento facial, corporal, depilaci\u00f3n, dise\u00f1o de cejas y maquillaje.","robots":{"index":"index","follow":"follow","max-snippet":"max-snippet:-1","max-image-preview":"max-image-preview:large","max-video-preview":"max-video-preview:-1"},"canonical":"https:\/\/www.perseestetica.com\/index.php\/servicios-perse-estetica\/","og_locale":"es_ES","og_type":"article","og_title":"servicios - PER SE ESTETICA","og_description":"Servicios est\u00e9tica y belleza de PER SE ESTETICA, tu centro en Vitoria-Gasteiz. Tratamiento facial, corporal, depilaci\u00f3n, dise\u00f1o de cejas y maquillaje.","og_url":"https:\/\/www.perseestetica.com\/index.php\/servicios-perse-estetica\/","og_site_name":"PER SE ESTETICA","article_modified_time":"2025-03-03T08:53:07+00:00","og_image":[{"url":"http:\/\/www.perseestetica.com\/wp-content\/uploads\/2017\/12\/icono_facebook.png","type":"","width":"","height":""}],"twitter_card":"summary_large_image","twitter_misc":{"Tiempo de lectura":"10 minutos"},"schema":{"@context":"https:\/\/schema.org","@graph":[{"@type":"WebPage","@id":"https:\/\/www.perseestetica.com\/index.php\/servicios-perse-estetica\/","url":"https:\/\/www.perseestetica.com\/index.php\/servicios-perse-estetica\/","name":"servicios - PER SE ESTETICA","isPartOf":{"@id":"https:\/\/www.perseestetica.com\/#website"},"primaryImageOfPage":{"@id":"https:\/\/www.perseestetica.com\/index.php\/servicios-perse-estetica\/#primaryimage"},"image":{"@id":"https:\/\/www.perseestetica.com\/index.php\/servicios-perse-estetica\/#primaryimage"},"thumbnailUrl":"http:\/\/www.perseestetica.com\/wp-content\/uploads\/2017\/12\/icono_facebook.png","datePublished":"2017-09-18T10:07:44+00:00","dateModified":"2025-03-03T08:53:07+00:00","description":"Servicios est\u00e9tica y belleza de PER SE ESTETICA, tu centro en Vitoria-Gasteiz. Tratamiento facial, corporal, depilaci\u00f3n, dise\u00f1o de cejas y maquillaje.","breadcrumb":{"@id":"https:\/\/www.perseestetica.com\/index.php\/servicios-perse-estetica\/#breadcrumb"},"inLanguage":"es","potentialAction":[{"@type":"ReadAction","target":["https:\/\/www.perseestetica.com\/index.php\/servicios-perse-estetica\/"]}]},{"@type":"ImageObject","inLanguage":"es","@id":"https:\/\/www.perseestetica.com\/index.php\/servicios-perse-estetica\/#primaryimage","url":"http:\/\/www.perseestetica.com\/wp-content\/uploads\/2017\/12\/icono_facebook.png","contentUrl":"http:\/\/www.perseestetica.com\/wp-content\/uploads\/2017\/12\/icono_facebook.png"},{"@type":"BreadcrumbList","@id":"https:\/\/www.perseestetica.com\/index.php\/servicios-perse-estetica\/#breadcrumb","itemListElement":[{"@type":"ListItem","position":1,"name":"Portada","item":"https:\/\/www.perseestetica.com\/"},{"@type":"ListItem","position":2,"name":"servicios"}]},{"@type":"WebSite","@id":"https:\/\/www.perseestetica.com\/#website","url":"https:\/\/www.perseestetica.com\/","name":"PER SE ESTETICA","description":"Centro de est\u00e9tica y bienestar en Vitoria-Gasteiz","potentialAction":[{"@type":"SearchAction","target":{"@type":"EntryPoint","urlTemplate":"https:\/\/www.perseestetica.com\/?s={search_term_string}"},"query-input":{"@type":"PropertyValueSpecification","valueRequired":true,"valueName":"search_term_string"}}],"inLanguage":"es"}]}},"_links":{"self":[{"href":"https:\/\/www.perseestetica.com\/index.php\/wp-json\/wp\/v2\/pages\/322","targetHints":{"allow":["GET"]}}],"collection":[{"href":"https:\/\/www.perseestetica.com\/index.php\/wp-json\/wp\/v2\/pages"}],"about":[{"href":"https:\/\/www.perseestetica.com\/index.php\/wp-json\/wp\/v2\/types\/page"}],"author":[{"embeddable":true,"href":"https:\/\/www.perseestetica.com\/index.php\/wp-json\/wp\/v2\/users\/1"}],"replies":[{"embeddable":true,"href":"https:\/\/www.perseestetica.com\/index.php\/wp-json\/wp\/v2\/comments?post=322"}],"version-history":[{"count":73,"href":"https:\/\/www.perseestetica.com\/index.php\/wp-json\/wp\/v2\/pages\/322\/revisions"}],"predecessor-version":[{"id":4169,"href":"https:\/\/www.perseestetica.com\/index.php\/wp-json\/wp\/v2\/pages\/322\/revisions\/4169"}],"wp:attachment":[{"href":"https:\/\/www.perseestetica.com\/index.php\/wp-json\/wp\/v2\/media?parent=322"}],"curies":[{"name":"wp","href":"https:\/\/api.w.org\/{rel}","templated":true}]}}