{"id":3252,"date":"2018-01-09T11:07:24","date_gmt":"2018-01-09T11:07:24","guid":{"rendered":"http:\/\/www.perseestetica.com\/?page_id=3252"},"modified":"2026-03-23T16:56:17","modified_gmt":"2026-03-23T16:56:17","slug":"perse-estetica-vitoria","status":"publish","type":"page","link":"https:\/\/www.perseestetica.com\/","title":{"rendered":"INICIO"},"content":{"rendered":"<div class=\"wpb-content-wrapper\"><p>[vc_row full_width=\u00bbstretch_row_content_no_spaces\u00bb css=\u00bb.vc_custom_1774284903393{background-color: #C6D7C5 !important;}\u00bb simple_background_color=\u00bb#e7d9c7&#8243;][vc_column css=\u00bb.vc_custom_1663830904005{background-color: 949985 !important;}\u00bb][vc_empty_space height=\u00bb130px\u00bb css=\u00bb.vc_custom_1774284913899{background-color: #C6D7C5 !important;}\u00bb][vc_single_image image=\u00bb4304&#8243; img_size=\u00bb1024&#215;500&#8243; alignment=\u00bbcenter\u00bb css=\u00bb.vc_custom_1774284939705{background-color: #C6D7C5 !important;}\u00bb][\/vc_column][\/vc_row][vc_row row_content_width=\u00bbgrid\u00bb content_text_aligment=\u00bbleft\u00bb simple_background_color=\u00bb#ffffff\u00bb css=\u00bb.vc_custom_1588312797996{padding-top: 0px !important;padding-bottom: 20px !important;background-color: #ffffff !important;}\u00bb][vc_column]<div class=\"mkdf-elements-holder   mkdf-two-columns  mkdf-responsive-mode-1024 mkdf-one-column-alignment-left\" ><div class=\"mkdf-eh-item    \"  data-item-class=\"mkdf-eh-custom-1974\" data-1024-1280=\"0px 8% 0px 0px\" data-768-1024=\"0px 0% 60px 0px\" data-680-768=\"0px 0% 60px 0px\" data-680=\"0px 0% 60px 0px\">\n\t\t<div class=\"mkdf-eh-item-inner\">\n\t\t<div class=\"mkdf-eh-item-content mkdf-eh-custom-1974\" style=\"padding: 0px 2% 0px 0px\">\n\t\t\t<div class=\"mkdf-accordion-holder mkdf-ac-default  mkdf-accordion mkdf-ac-boxed  clearfix\">\n\t<p class=\"mkdf-accordion-title\">\n    <span class=\"mkdf-accordion-mark\">\n\t\t<span class=\"mkdf_icon_plus icon_plus\"><\/span>\n\t\t<span class=\"mkdf_icon_minus icon_minus-06\"><\/span>\n\t<\/span>\n\t<span class=\"mkdf-tab-title\">20 a\u00f1os de experiencia<\/span>\n<\/p>\n<div class=\"mkdf-accordion-content\">\n\t<div class=\"mkdf-accordion-content-inner\">\n\t\t[vc_column_text]Somos un centro de est\u00e9tica en Vitoria-Gasteiz integrado por un equipo con m\u00e1s de 20 a\u00f1os de experiencia a sus espaldas. [\/vc_column_text]\t<\/div>\n<\/div><p class=\"mkdf-accordion-title\">\n    <span class=\"mkdf-accordion-mark\">\n\t\t<span class=\"mkdf_icon_plus icon_plus\"><\/span>\n\t\t<span class=\"mkdf_icon_minus icon_minus-06\"><\/span>\n\t<\/span>\n\t<span class=\"mkdf-tab-title\">Belleza y bienestar<\/span>\n<\/p>\n<div class=\"mkdf-accordion-content\">\n\t<div class=\"mkdf-accordion-content-inner\">\n\t\t[vc_column_text]Buscamos realzar tu belleza y bienestar con tratamientos de \u00faltima generaci\u00f3n, las mejores firmas cosm\u00e9ticas y la aparatolog\u00eda m\u00e1s avanzada. [\/vc_column_text]\t<\/div>\n<\/div><p class=\"mkdf-accordion-title\">\n    <span class=\"mkdf-accordion-mark\">\n\t\t<span class=\"mkdf_icon_plus icon_plus\"><\/span>\n\t\t<span class=\"mkdf_icon_minus icon_minus-06\"><\/span>\n\t<\/span>\n\t<span class=\"mkdf-tab-title\">Asesoramiento est\u00e9tico<\/span>\n<\/p>\n<div class=\"mkdf-accordion-content\">\n\t<div class=\"mkdf-accordion-content-inner\">\n\t\t[vc_column_text]Nuestra filosof\u00eda de formaci\u00f3n continua nos permite asesorar en la b\u00fasqueda de la soluci\u00f3n est\u00e9tica m\u00e1s apropiada.[\/vc_column_text]\t<\/div>\n<\/div><\/div>\t\t<\/div>\n\t<\/div>\n<\/div><div class=\"mkdf-eh-item    \"  data-item-class=\"mkdf-eh-custom-7169\" data-1024-1280=\"0px\" data-768-1024=\"0px\" data-680-768=\"0px\" data-680=\"0px\">\n\t\t<div class=\"mkdf-eh-item-inner\">\n\t\t<div class=\"mkdf-eh-item-content mkdf-eh-custom-7169\" style=\"padding: 0px 0px 0px 14%\">\n\t\t\t<div class=\"mkdf-single-image-holder   \">\n    <div class=\"mkdf-si-inner\" style=\"background-image: url(https:\/\/www.perseestetica.com\/wp-content\/uploads\/2017\/12\/PER-SE-FOTO.png)\">\n                                    <img loading=\"lazy\" decoding=\"async\" width=\"558\" height=\"367\" src=\"https:\/\/www.perseestetica.com\/wp-content\/uploads\/2017\/12\/PER-SE-FOTO.png\" class=\"attachment-full size-full\" alt=\"\" srcset=\"https:\/\/www.perseestetica.com\/wp-content\/uploads\/2017\/12\/PER-SE-FOTO.png 558w, https:\/\/www.perseestetica.com\/wp-content\/uploads\/2017\/12\/PER-SE-FOTO-300x197.png 300w\" sizes=\"auto, (max-width: 558px) 100vw, 558px\" \/>                        <\/div>\n<\/div>\t\t<\/div>\n\t<\/div>\n<\/div><\/div>[\/vc_column][\/vc_row][vc_row row_content_width=\u00bbgrid\u00bb css=\u00bb.vc_custom_1513603139324{padding-top: 110px !important;padding-bottom: 60px !important;background-color: #ffffff !important;}\u00bb simple_background_color=\u00bb#ffffff\u00bb][vc_column width=\u00bb1\/2&#8243; offset=\u00bbvc_col-lg-3&#8243; css=\u00bb.vc_custom_1513602371192{background-color: #ffffff !important;}\u00bb]<div class=\"mkdf-iwt clearfix  mkdf-iwt-icon-top mkdf-iwt-icon-medium\">\n\t<div class=\"mkdf-iwt-icon\">\n\t\t\t\t\t<a itemprop=\"url\" href=\"http:\/\/www.perseestetica.com\/index.php\/servicios-perse-estetica\/\" target=\"_self\">\n\t\t<img loading=\"lazy\" decoding=\"async\" width=\"247\" height=\"120\" src=\"https:\/\/www.perseestetica.com\/wp-content\/uploads\/2017\/12\/tratamientos.jpg\" class=\"attachment-full size-full\" alt=\"\" \/>\t\t\t<\/a>\n\t\t\t<\/div>\n\t<div class=\"mkdf-iwt-content\" >\n\t\t\t\t\t<h5 class=\"mkdf-iwt-title\" >\n\t\t\t\t\t\t\t\t\t<a itemprop=\"url\" href=\"http:\/\/www.perseestetica.com\/index.php\/servicios-perse-estetica\/\" target=\"_self\">\n\t\t\t\t\t\t\t\t<span class=\"mkdf-iwt-title-text\">Tratamientos<\/span>\n\t\t\t\t\t\t\t\t\t<\/a>\n\t\t\t\t\t\t\t<\/h5>\n\t\t\t\t\t\t\t<p class=\"mkdf-iwt-text\" >Est\u00e9tica facial y corporal.<\/p>\n\t\t\t<\/div>\n<\/div>[vc_empty_space height=\u00bb40px\u00bb][\/vc_column][vc_column width=\u00bb1\/2&#8243; offset=\u00bbvc_col-lg-3&#8243;]<div class=\"mkdf-iwt clearfix  mkdf-iwt-icon-top mkdf-iwt-icon-medium\">\n\t<div class=\"mkdf-iwt-icon\">\n\t\t\t\t\t<a itemprop=\"url\" href=\"http:\/\/www.perseestetica.com\/index.php\/servicios-perse-estetica\/\" target=\"_self\">\n\t\t<img loading=\"lazy\" decoding=\"async\" width=\"247\" height=\"120\" src=\"https:\/\/www.perseestetica.com\/wp-content\/uploads\/2017\/12\/depilacion.jpg\" class=\"attachment-full size-full\" alt=\"\" \/>\t\t\t<\/a>\n\t\t\t<\/div>\n\t<div class=\"mkdf-iwt-content\" >\n\t\t\t\t\t<h5 class=\"mkdf-iwt-title\" >\n\t\t\t\t\t\t\t\t\t<a itemprop=\"url\" href=\"http:\/\/www.perseestetica.com\/index.php\/servicios-perse-estetica\/\" target=\"_self\">\n\t\t\t\t\t\t\t\t<span class=\"mkdf-iwt-title-text\">Depilaci\u00f3n<\/span>\n\t\t\t\t\t\t\t\t\t<\/a>\n\t\t\t\t\t\t\t<\/h5>\n\t\t\t\t\t\t\t<p class=\"mkdf-iwt-text\" >Especialistas en el dise\u00f1o de cejas.<\/p>\n\t\t\t<\/div>\n<\/div>[vc_empty_space height=\u00bb40px\u00bb][\/vc_column][vc_column width=\u00bb1\/2&#8243; offset=\u00bbvc_col-lg-3&#8243;]<div class=\"mkdf-iwt clearfix  mkdf-iwt-icon-top mkdf-iwt-icon-medium\">\n\t<div class=\"mkdf-iwt-icon\">\n\t\t\t\t\t<a itemprop=\"url\" href=\"http:\/\/www.perseestetica.com\/index.php\/servicios-perse-estetica\/\" target=\"_self\">\n\t\t<img loading=\"lazy\" decoding=\"async\" width=\"247\" height=\"120\" src=\"https:\/\/www.perseestetica.com\/wp-content\/uploads\/2017\/12\/manicura.jpg\" class=\"attachment-full size-full\" alt=\"\" \/>\t\t\t<\/a>\n\t\t\t<\/div>\n\t<div class=\"mkdf-iwt-content\" >\n\t\t\t\t\t<h5 class=\"mkdf-iwt-title\" >\n\t\t\t\t\t\t\t\t\t<a itemprop=\"url\" href=\"http:\/\/www.perseestetica.com\/index.php\/servicios-perse-estetica\/\" target=\"_self\">\n\t\t\t\t\t\t\t\t<span class=\"mkdf-iwt-title-text\">Manicura y pedicura<\/span>\n\t\t\t\t\t\t\t\t\t<\/a>\n\t\t\t\t\t\t\t<\/h5>\n\t\t\t\t\t\t\t<p class=\"mkdf-iwt-text\" >Bienestar de manos y pies.<\/p>\n\t\t\t<\/div>\n<\/div>[vc_empty_space height=\u00bb40px\u00bb][\/vc_column][vc_column width=\u00bb1\/2&#8243; offset=\u00bbvc_col-lg-3&#8243;]<div class=\"mkdf-iwt clearfix  mkdf-iwt-icon-top mkdf-iwt-icon-medium\">\n\t<div class=\"mkdf-iwt-icon\">\n\t\t\t\t\t<a itemprop=\"url\" href=\"http:\/\/www.perseestetica.com\/index.php\/servicios-perse-estetica\/\" target=\"_self\">\n\t\t<img loading=\"lazy\" decoding=\"async\" width=\"247\" height=\"120\" src=\"https:\/\/www.perseestetica.com\/wp-content\/uploads\/2017\/12\/maquillaje.jpg\" class=\"attachment-full size-full\" alt=\"\" \/>\t\t\t<\/a>\n\t\t\t<\/div>\n\t<div class=\"mkdf-iwt-content\" >\n\t\t\t\t\t<h5 class=\"mkdf-iwt-title\" >\n\t\t\t\t\t\t\t\t\t<a itemprop=\"url\" href=\"http:\/\/www.perseestetica.com\/index.php\/servicios-perse-estetica\/\" target=\"_self\">\n\t\t\t\t\t\t\t\t<span class=\"mkdf-iwt-title-text\">Maquillaje<\/span>\n\t\t\t\t\t\t\t\t\t<\/a>\n\t\t\t\t\t\t\t<\/h5>\n\t\t\t\t\t\t\t<p class=\"mkdf-iwt-text\" >Estudio profesional de maquillaje.<\/p>\n\t\t\t<\/div>\n<\/div>[vc_empty_space height=\u00bb40px\u00bb][\/vc_column][\/vc_row][vc_row row_content_width=\u00bbgrid\u00bb disable_background_image=\u00bb\u00bb css=\u00bb.vc_custom_1508492185835{padding-top: 110px !important;padding-bottom: 60px !important;}\u00bb simple_background_image=\u00bb2394&#8243;][vc_column]<div class=\"mkdf-elements-holder   mkdf-one-column  mkdf-responsive-mode-768 \" ><div class=\"mkdf-eh-item   mkdf-horizontal-alignment-center \"  data-item-class=\"mkdf-eh-custom-8271\" data-1280-1600=\"0px 18%\" data-1024-1280=\"0px 18%\" data-768-1024=\"0px 5%\" data-680-768=\"0px\" data-680=\"0px\">\n\t\t<div class=\"mkdf-eh-item-inner\">\n\t\t<div class=\"mkdf-eh-item-content mkdf-eh-custom-8271\" style=\"padding: 0px 21%\">\n\t\t\t<div class=\"mkdf-section-title-holder  mkdf-st-standard mkdf-st-title-left mkdf-st-normal-space \" style=\"text-align: center\">\n\t<div class=\"mkdf-st-inner\">\n\t\t\n\t\t\t\t\t\t\t<h2 class=\"mkdf-st-title\" >\n\t\t\t\tCONTACTO\t\t\t<\/h2>\n\t\t\t\t\t\t\t<h6 class=\"mkdf-st-text\" >\n\t\t\t\t\u00a1Desde que te pintas la pesta\u00f1a hasta que nos llaman nuestros patitos!<br \/>\nDe lunes a viernes de 9:30 a 19:30 h.<br \/>\nS\u00e1bados de 9:30 a 13:30 h.<br \/>\nDomingos cerrado. Descanso y nido.\t\t\t<\/h6>\n\t\t\t<\/div>\n<\/div>[vc_empty_space height=\u00bb30px\u00bb][vc_column_text]<\/p>\n<p style=\"text-align: center;\">Calle Florida 53B<br \/>\n01005 Vitoria-Gasteiz<\/p>\n<p>[\/vc_column_text][vc_column_text]<\/p>\n<p style=\"text-align: center;\">Email: <a href=\"cua@perseestetica.com\">cua@perseestetica.com<\/a><br \/>\nTel\u00e9fono: <a href=\"tel:945 03 86 46\">945 038 646<\/a><\/p>\n<p>[\/vc_column_text]\t\t<\/div>\n\t<\/div>\n<\/div><\/div>[\/vc_column][\/vc_row][vc_row][vc_column width=\u00bb2\/3&#8243; css=\u00bb.vc_custom_1526485991938{padding-left: 25% !important;}\u00bb][vc_column_text]\u00a9 PER SE ESTETICA &#8211; <a href=\"https:\/\/www.perseestetica.com\/wp-content\/uploads\/2018\/09\/politica_privacidad.pdf\">Pol\u00edtica de Privacidad<\/a> &#8211; <a href=\"https:\/\/laconsultacreativa.com\/\" target=\"_blank\" rel=\"noopener noreferrer\">Dise\u00f1o Web: La Consulta Creativa<\/a>[\/vc_column_text][\/vc_column][vc_column width=\u00bb1\/3&#8243;][vc_column_text]<\/p>\n<p style=\"text-align: center;\"><a href=\"https:\/\/www.facebook.com\/perseesteticua\/\"><img loading=\"lazy\" decoding=\"async\" class=\"size-full wp-image-3208 alignleft\" src=\"http:\/\/www.perseestetica.com\/wp-content\/uploads\/2017\/12\/icono_facebook.png\" alt=\"\" width=\"43\" height=\"50\" \/><\/a><a href=\"https:\/\/www.instagram.com\/perse_esteticua\/\"><img loading=\"lazy\" decoding=\"async\" class=\"size-full wp-image-3209 alignleft\" src=\"http:\/\/www.perseestetica.com\/wp-content\/uploads\/2017\/12\/icono_instagram.png\" alt=\"\" width=\"43\" height=\"50\" \/><\/a><a href=\" https:\/\/open.spotify.com\/user\/yagk4yaq647lufoj18id96ur2\/playlist\/30OiEwS7c0a0GS86K5Lg75\"><img loading=\"lazy\" decoding=\"async\" class=\"size-full wp-image-3277 alignleft\" src=\"http:\/\/www.perseestetica.com\/wp-content\/uploads\/2018\/01\/icono_spotify.png\" alt=\"\" width=\"43\" height=\"50\" \/><\/a><\/p>\n<p>[\/vc_column_text][\/vc_column][\/vc_row]<\/p>\n<\/div>","protected":false},"excerpt":{"rendered":"<p>[vc_row full_width=\u00bbstretch_row_content_no_spaces\u00bb css=\u00bb.vc_custom_1774284903393{background-color: #C6D7C5 !important;}\u00bb simple_background_color=\u00bb#e7d9c7&#8243;][vc_column css=\u00bb.vc_custom_1663830904005{background-color: 949985 !important;}\u00bb][vc_empty_space height=\u00bb130px\u00bb css=\u00bb.vc_custom_1774284913899{background-color: #C6D7C5 !important;}\u00bb][vc_single_image image=\u00bb4304&#8243; img_size=\u00bb1024&#215;500&#8243; alignment=\u00bbcenter\u00bb css=\u00bb.vc_custom_1774284939705{background-color: #C6D7C5 !important;}\u00bb][\/vc_column][\/vc_row][vc_row row_content_width=\u00bbgrid\u00bb content_text_aligment=\u00bbleft\u00bb simple_background_color=\u00bb#ffffff\u00bb css=\u00bb.vc_custom_1588312797996{padding-top: 0px !important;padding-bottom: 20px !important;background-color: #ffffff !important;}\u00bb][vc_column][\/vc_column][\/vc_row][vc_row row_content_width=\u00bbgrid\u00bb css=\u00bb.vc_custom_1513603139324{padding-top: 110px !important;padding-bottom: 60px !important;background-color: #ffffff !important;}\u00bb simple_background_color=\u00bb#ffffff\u00bb][vc_column width=\u00bb1\/2&#8243; offset=\u00bbvc_col-lg-3&#8243; [&hellip;]<\/p>\n","protected":false},"author":1,"featured_media":0,"parent":0,"menu_order":0,"comment_status":"closed","ping_status":"closed","template":"full-width.php","meta":{"footnotes":""},"class_list":["post-3252","page","type-page","status-publish","hentry"],"yoast_head":"<!-- This site is optimized with the Yoast SEO plugin v27.0 - https:\/\/yoast.com\/product\/yoast-seo-wordpress\/ -->\n<title>INICIO - PER SE ESTETICA<\/title>\n<meta name=\"description\" content=\"Centro de est\u00e9tica en Vitoria-Gasteiz, integrado por un equipo con m\u00e1s de 20 a\u00f1os de experiencia. Realizamos tratamientos de belleza, depilaci\u00f3n l\u00e1ser, venta de cosm\u00e9tica natural y cosm\u00e9tica marina.\" \/>\n<meta name=\"robots\" content=\"index, follow, max-snippet:-1, max-image-preview:large, max-video-preview:-1\" \/>\n<link rel=\"canonical\" href=\"https:\/\/www.perseestetica.com\/\" \/>\n<meta property=\"og:locale\" content=\"es_ES\" \/>\n<meta property=\"og:type\" content=\"article\" \/>\n<meta property=\"og:title\" content=\"INICIO - PER SE ESTETICA\" \/>\n<meta property=\"og:description\" content=\"Centro de est\u00e9tica en Vitoria-Gasteiz, integrado por un equipo con m\u00e1s de 20 a\u00f1os de experiencia. Realizamos tratamientos de belleza, depilaci\u00f3n l\u00e1ser, venta de cosm\u00e9tica natural y cosm\u00e9tica marina.\" \/>\n<meta property=\"og:url\" content=\"https:\/\/www.perseestetica.com\/\" \/>\n<meta property=\"og:site_name\" content=\"PER SE ESTETICA\" \/>\n<meta property=\"article:modified_time\" content=\"2026-03-23T16:56:17+00:00\" \/>\n<meta property=\"og:image\" content=\"http:\/\/www.perseestetica.com\/wp-content\/uploads\/2017\/12\/icono_facebook.png\" \/>\n<meta name=\"twitter:card\" content=\"summary_large_image\" \/>\n<meta name=\"twitter:label1\" content=\"Tiempo de lectura\" \/>\n\t<meta name=\"twitter:data1\" content=\"2 minutos\" \/>\n<script type=\"application\/ld+json\" class=\"yoast-schema-graph\">{\"@context\":\"https:\/\/schema.org\",\"@graph\":[{\"@type\":\"WebPage\",\"@id\":\"https:\/\/www.perseestetica.com\/\",\"url\":\"https:\/\/www.perseestetica.com\/\",\"name\":\"INICIO - PER SE ESTETICA\",\"isPartOf\":{\"@id\":\"https:\/\/www.perseestetica.com\/#website\"},\"primaryImageOfPage\":{\"@id\":\"https:\/\/www.perseestetica.com\/#primaryimage\"},\"image\":{\"@id\":\"https:\/\/www.perseestetica.com\/#primaryimage\"},\"thumbnailUrl\":\"http:\/\/www.perseestetica.com\/wp-content\/uploads\/2017\/12\/icono_facebook.png\",\"datePublished\":\"2018-01-09T11:07:24+00:00\",\"dateModified\":\"2026-03-23T16:56:17+00:00\",\"description\":\"Centro de est\u00e9tica en Vitoria-Gasteiz, integrado por un equipo con m\u00e1s de 20 a\u00f1os de experiencia. Realizamos tratamientos de belleza, depilaci\u00f3n l\u00e1ser, venta de cosm\u00e9tica natural y cosm\u00e9tica marina.\",\"breadcrumb\":{\"@id\":\"https:\/\/www.perseestetica.com\/#breadcrumb\"},\"inLanguage\":\"es\",\"potentialAction\":[{\"@type\":\"ReadAction\",\"target\":[\"https:\/\/www.perseestetica.com\/\"]}]},{\"@type\":\"ImageObject\",\"inLanguage\":\"es\",\"@id\":\"https:\/\/www.perseestetica.com\/#primaryimage\",\"url\":\"http:\/\/www.perseestetica.com\/wp-content\/uploads\/2017\/12\/icono_facebook.png\",\"contentUrl\":\"http:\/\/www.perseestetica.com\/wp-content\/uploads\/2017\/12\/icono_facebook.png\"},{\"@type\":\"BreadcrumbList\",\"@id\":\"https:\/\/www.perseestetica.com\/#breadcrumb\",\"itemListElement\":[{\"@type\":\"ListItem\",\"position\":1,\"name\":\"Portada\",\"item\":\"https:\/\/www.perseestetica.com\/\"},{\"@type\":\"ListItem\",\"position\":2,\"name\":\"INICIO\"}]},{\"@type\":\"WebSite\",\"@id\":\"https:\/\/www.perseestetica.com\/#website\",\"url\":\"https:\/\/www.perseestetica.com\/\",\"name\":\"PER SE ESTETICA\",\"description\":\"Centro de est\u00e9tica y bienestar en Vitoria-Gasteiz\",\"potentialAction\":[{\"@type\":\"SearchAction\",\"target\":{\"@type\":\"EntryPoint\",\"urlTemplate\":\"https:\/\/www.perseestetica.com\/?s={search_term_string}\"},\"query-input\":{\"@type\":\"PropertyValueSpecification\",\"valueRequired\":true,\"valueName\":\"search_term_string\"}}],\"inLanguage\":\"es\"}]}<\/script>\n<!-- \/ Yoast SEO plugin. -->","yoast_head_json":{"title":"INICIO - PER SE ESTETICA","description":"Centro de est\u00e9tica en Vitoria-Gasteiz, integrado por un equipo con m\u00e1s de 20 a\u00f1os de experiencia. Realizamos tratamientos de belleza, depilaci\u00f3n l\u00e1ser, venta de cosm\u00e9tica natural y cosm\u00e9tica marina.","robots":{"index":"index","follow":"follow","max-snippet":"max-snippet:-1","max-image-preview":"max-image-preview:large","max-video-preview":"max-video-preview:-1"},"canonical":"https:\/\/www.perseestetica.com\/","og_locale":"es_ES","og_type":"article","og_title":"INICIO - PER SE ESTETICA","og_description":"Centro de est\u00e9tica en Vitoria-Gasteiz, integrado por un equipo con m\u00e1s de 20 a\u00f1os de experiencia. Realizamos tratamientos de belleza, depilaci\u00f3n l\u00e1ser, venta de cosm\u00e9tica natural y cosm\u00e9tica marina.","og_url":"https:\/\/www.perseestetica.com\/","og_site_name":"PER SE ESTETICA","article_modified_time":"2026-03-23T16:56:17+00:00","og_image":[{"url":"http:\/\/www.perseestetica.com\/wp-content\/uploads\/2017\/12\/icono_facebook.png","type":"","width":"","height":""}],"twitter_card":"summary_large_image","twitter_misc":{"Tiempo de lectura":"2 minutos"},"schema":{"@context":"https:\/\/schema.org","@graph":[{"@type":"WebPage","@id":"https:\/\/www.perseestetica.com\/","url":"https:\/\/www.perseestetica.com\/","name":"INICIO - PER SE ESTETICA","isPartOf":{"@id":"https:\/\/www.perseestetica.com\/#website"},"primaryImageOfPage":{"@id":"https:\/\/www.perseestetica.com\/#primaryimage"},"image":{"@id":"https:\/\/www.perseestetica.com\/#primaryimage"},"thumbnailUrl":"http:\/\/www.perseestetica.com\/wp-content\/uploads\/2017\/12\/icono_facebook.png","datePublished":"2018-01-09T11:07:24+00:00","dateModified":"2026-03-23T16:56:17+00:00","description":"Centro de est\u00e9tica en Vitoria-Gasteiz, integrado por un equipo con m\u00e1s de 20 a\u00f1os de experiencia. Realizamos tratamientos de belleza, depilaci\u00f3n l\u00e1ser, venta de cosm\u00e9tica natural y cosm\u00e9tica marina.","breadcrumb":{"@id":"https:\/\/www.perseestetica.com\/#breadcrumb"},"inLanguage":"es","potentialAction":[{"@type":"ReadAction","target":["https:\/\/www.perseestetica.com\/"]}]},{"@type":"ImageObject","inLanguage":"es","@id":"https:\/\/www.perseestetica.com\/#primaryimage","url":"http:\/\/www.perseestetica.com\/wp-content\/uploads\/2017\/12\/icono_facebook.png","contentUrl":"http:\/\/www.perseestetica.com\/wp-content\/uploads\/2017\/12\/icono_facebook.png"},{"@type":"BreadcrumbList","@id":"https:\/\/www.perseestetica.com\/#breadcrumb","itemListElement":[{"@type":"ListItem","position":1,"name":"Portada","item":"https:\/\/www.perseestetica.com\/"},{"@type":"ListItem","position":2,"name":"INICIO"}]},{"@type":"WebSite","@id":"https:\/\/www.perseestetica.com\/#website","url":"https:\/\/www.perseestetica.com\/","name":"PER SE ESTETICA","description":"Centro de est\u00e9tica y bienestar en Vitoria-Gasteiz","potentialAction":[{"@type":"SearchAction","target":{"@type":"EntryPoint","urlTemplate":"https:\/\/www.perseestetica.com\/?s={search_term_string}"},"query-input":{"@type":"PropertyValueSpecification","valueRequired":true,"valueName":"search_term_string"}}],"inLanguage":"es"}]}},"_links":{"self":[{"href":"https:\/\/www.perseestetica.com\/index.php\/wp-json\/wp\/v2\/pages\/3252","targetHints":{"allow":["GET"]}}],"collection":[{"href":"https:\/\/www.perseestetica.com\/index.php\/wp-json\/wp\/v2\/pages"}],"about":[{"href":"https:\/\/www.perseestetica.com\/index.php\/wp-json\/wp\/v2\/types\/page"}],"author":[{"embeddable":true,"href":"https:\/\/www.perseestetica.com\/index.php\/wp-json\/wp\/v2\/users\/1"}],"replies":[{"embeddable":true,"href":"https:\/\/www.perseestetica.com\/index.php\/wp-json\/wp\/v2\/comments?post=3252"}],"version-history":[{"count":149,"href":"https:\/\/www.perseestetica.com\/index.php\/wp-json\/wp\/v2\/pages\/3252\/revisions"}],"predecessor-version":[{"id":4205,"href":"https:\/\/www.perseestetica.com\/index.php\/wp-json\/wp\/v2\/pages\/3252\/revisions\/4205"}],"wp:attachment":[{"href":"https:\/\/www.perseestetica.com\/index.php\/wp-json\/wp\/v2\/media?parent=3252"}],"curies":[{"name":"wp","href":"https:\/\/api.w.org\/{rel}","templated":true}]}}