{"id":665,"date":"2017-09-20T11:57:01","date_gmt":"2017-09-20T11:57:01","guid":{"rendered":"http:\/\/aviana.mikado-themes.com\/?page_id=665"},"modified":"2025-03-03T09:53:34","modified_gmt":"2025-03-03T09:53:34","slug":"tienda-perse-estetica","status":"publish","type":"page","link":"https:\/\/www.perseestetica.com\/index.php\/tienda-perse-estetica\/","title":{"rendered":"Tienda"},"content":{"rendered":"<div class=\"wpb-content-wrapper\"><p>[vc_row row_content_width=\u00bbgrid\u00bb disable_background_image=\u00bb1280&#8243; content_text_aligment=\u00bbcenter\u00bb css=\u00bb.vc_custom_1508772162036{padding-top: 80px !important;padding-bottom: 33px !important;background-position: center !important;background-repeat: no-repeat !important;background-size: cover !important;}\u00bb simple_background_image=\u00bb2010&#8243;][vc_column]<div class=\"mkdf-section-title-holder  mkdf-st-standard mkdf-st-title-left mkdf-st-normal-space \" style=\"text-align: center\">\n\t<div class=\"mkdf-st-inner\">\n\t\t\n\t\t\t\t\t\t\t<h2 class=\"mkdf-st-title\" >\n\t\t\t\t\u00bfC\u00f3mo funciona?\t\t\t<\/h2>\n\t\t\t\t\t\t\t<h6 class=\"mkdf-st-text\" >\n\t\t\t\tSorprender a esa persona especial con uno de nuestros bonos de est\u00e9tica, belleza y bienestar es muy sencillo. Aqu\u00ed te explicamos c\u00f3mo hacerlo en 3 sencillos pasos para que no metas la pata (nunca mejor dicho).\t\t\t<\/h6>\n\t\t\t<\/div>\n<\/div>[vc_empty_space height=\u00bb75px\u00bb]<div class=\"mkdf-process-holder \">\n\t<div class=\"mkdf-process-inner\">\n\t\t<div class=\"mkdf-process-item \" >\n    <div class=\"mkdf-mark-horizontal-holder\">\n        <div class=\"mkdf-process-mark\">\n            <div class=\"mkdf-process-line\"><\/div>\n            <div class=\"mkdf-process-circle\">1<\/div>\n        <\/div>\n    <\/div>\n\t<div class=\"mkdf-pi-content\">\n\t\t\t\t\t<h3 class=\"mkdf-pi-title\" >Elige el tratamiento y compra tu bono<\/h3>\n\t\t\t\t\t\t\t<p class=\"mkdf-pi-text\" >Aqu\u00ed encontrar\u00e1s algunos de nuestros tratamientos m\u00e1s caprichosos. Una vez que te hayas decidido puedes comprar tu bono en nuestra tienda online. Recuerda que si quieres que te asesoremos o hacer un bono personalizado te atenderemos en PER SE est\u00e9tica, en la calle Florida 53 B, 01005 Vitoria-Gasteiz. <\/p>\n\t\t\t<\/div>\n<\/div><div class=\"mkdf-process-item \" >\n    <div class=\"mkdf-mark-horizontal-holder\">\n        <div class=\"mkdf-process-mark\">\n            <div class=\"mkdf-process-line\"><\/div>\n            <div class=\"mkdf-process-circle\">2<\/div>\n        <\/div>\n    <\/div>\n\t<div class=\"mkdf-pi-content\">\n\t\t\t\t\t<h3 class=\"mkdf-pi-title\" >Entrega el bono a esa persona especial<\/h3>\n\t\t\t\t\t\t\t<p class=\"mkdf-pi-text\" >Entrega el bono o el PDF de la compra online a esa persona especial (recuerda que para las compras online deber\u00e1s rellenar el bono con la referencia de la compra en el espacio que hemos habilitado) . Si quieres cambiar el PDF de la compra online por uno de nuestros chul\u00edsimos bonos de regalo puedes tra\u00e9rnoslo a PER SE est\u00e9tica y te haremos el cambio para que no tengas que preocuparte del envoltorio. <\/p>\n\t\t\t<\/div>\n<\/div><div class=\"mkdf-process-item \" >\n    <div class=\"mkdf-mark-horizontal-holder\">\n        <div class=\"mkdf-process-mark\">\n            <div class=\"mkdf-process-line\"><\/div>\n            <div class=\"mkdf-process-circle\">3<\/div>\n        <\/div>\n    <\/div>\n\t<div class=\"mkdf-pi-content\">\n\t\t\t\t\t<h3 class=\"mkdf-pi-title\" >Llama para reservar tu cita<\/h3>\n\t\t\t\t\t\t\t<p class=\"mkdf-pi-text\" >Si tienes uno de nuestros bonos, solo tienes que llamar al 945 03 86 46 y reservar tu cita facilit\u00e1ndonos la referencia que encontrar\u00e1s escrita en el bono. \u00a1Te esperamos!<\/p>\n\t\t\t<\/div>\n<\/div>\t<\/div>\n<\/div>[\/vc_column][\/vc_row][vc_row row_content_width=\u00bbgrid\u00bb disable_background_image=\u00bb\u00bb content_text_aligment=\u00bbcenter\u00bb css=\u00bb.vc_custom_1508488135678{padding-top: 75px !important;padding-bottom: 25px !important;background-position: center !important;background-repeat: no-repeat !important;background-size: cover !important;}\u00bb simple_background_image=\u00bb691&#8243;][vc_column]<div class=\"mkdf-elements-holder   mkdf-one-column  mkdf-responsive-mode-768 \" ><div class=\"mkdf-eh-item   mkdf-horizontal-alignment-center \"  data-item-class=\"mkdf-eh-custom-3178\" data-768-1024=\"0px 0px 15px\" data-680-768=\"0px 0px 15px\" data-680=\"0px 0px 15px\">\n\t\t<div class=\"mkdf-eh-item-inner\">\n\t\t<div class=\"mkdf-eh-item-content mkdf-eh-custom-3178\" style=\"padding: 0 15% \">\n\t\t\t<div class=\"mkdf-section-title-holder  mkdf-st-standard mkdf-st-title-left mkdf-st-normal-space \" style=\"text-align: center\">\n\t<div class=\"mkdf-st-inner\">\n\t\t\n\t\t\t\t\t\t\t<h2 class=\"mkdf-st-title\" >\n\t\t\t\tTIENDA ONLINE\t\t\t<\/h2>\n\t\t\t\t\t\t\t<h6 class=\"mkdf-st-text\" >\n\t\t\t\t\u00a1Nos vamos de compras!\t\t\t<\/h6>\n\t\t\t<\/div>\n<\/div>\t\t<\/div>\n\t<\/div>\n<\/div><\/div>[vc_empty_space]<div class=\"mkdf-pl-holder mkdf-standard-layout mkdf-normal-space mkdf-four-columns mkdf-info-below-image \">\n\t<div class=\"mkdf-pl-outer mkdf-outer-space\">\n\t\t<div class=\"mkdf-pli mkdf-item-space mkdf-woo-image-normal-width\">\n\t<div class=\"mkdf-pli-inner\">\n\t\t<div class=\"mkdf-pli-image\">\n\t\t\t\n<img loading=\"lazy\" decoding=\"async\" width=\"300\" height=\"300\" src=\"https:\/\/www.perseestetica.com\/wp-content\/uploads\/2017\/09\/volcanico-300x300.jpg\" class=\"attachment-shop_catalog size-shop_catalog wp-post-image\" alt=\"\" srcset=\"https:\/\/www.perseestetica.com\/wp-content\/uploads\/2017\/09\/volcanico-300x300.jpg 300w, https:\/\/www.perseestetica.com\/wp-content\/uploads\/2017\/09\/volcanico-100x100.jpg 100w, https:\/\/www.perseestetica.com\/wp-content\/uploads\/2017\/09\/volcanico-600x600.jpg 600w, https:\/\/www.perseestetica.com\/wp-content\/uploads\/2017\/09\/volcanico-150x150.jpg 150w, https:\/\/www.perseestetica.com\/wp-content\/uploads\/2017\/09\/volcanico-550x550.jpg 550w, https:\/\/www.perseestetica.com\/wp-content\/uploads\/2017\/09\/volcanico.jpg 700w\" sizes=\"auto, (max-width: 300px) 100vw, 300px\" \/>\t\t<\/div>\n\t\t<a class=\"mkdf-pli-link\" itemprop=\"url\" href=\"https:\/\/www.perseestetica.com\/index.php\/product\/chocolate-soap\/\" title=\"Tierra volc\u00e1nica\"><\/a>\n\t<\/div>\n\t<div class=\"mkdf-pli-text-wrapper\" >\n\t\t\t\t<p class=\"mkdf-pli-category\"><a href=\"https:\/\/www.perseestetica.com\/index.php\/product-category\/corporal\/\" rel=\"tag\">corporal<\/a><\/p>\n\t\n\t\t    <h4 itemprop=\"name\" class=\"entry-title mkdf-pli-title\" >\n\t\t<a itemprop=\"url\" href=\"https:\/\/www.perseestetica.com\/index.php\/product\/chocolate-soap\/\">Tierra volc\u00e1nica<\/a>\n\t<\/h4>\n\t\t\n\t\t\t\t\n\t\t\n                        <div class=\"mkdf-pli-button-holder\">\n        \t\t\n\t\t\t<div class=\"mkdf-pli-price\"><span class=\"woocommerce-Price-amount amount\"><span class=\"woocommerce-Price-currencySymbol\">&euro;<\/span>29.00<\/span><\/div>\n\n\t\t\t\n\t<div class=\"mkdf-pli-add-to-cart mkdf-default-skin\">\n\t\t<a rel=\"nofollow\" href=\"\/index.php\/wp-json\/wp\/v2\/pages\/665?add-to-cart=766\" data-quantity=\"1\" data-product_id=\"766\" data-product_sku=\"\" class=\"button add_to_cart_button ajax_add_to_cart mkdf-button\">A\u00f1adir al carrito<\/a>\t<\/div>\n\n                    <\/div>\n        \t<\/div>\n<\/div><div class=\"mkdf-pli mkdf-item-space mkdf-woo-image-normal-width\">\n\t<div class=\"mkdf-pli-inner\">\n\t\t<div class=\"mkdf-pli-image\">\n\t\t\t\n<img loading=\"lazy\" decoding=\"async\" width=\"300\" height=\"300\" src=\"https:\/\/www.perseestetica.com\/wp-content\/uploads\/2019\/11\/Orquidea600x600-300x300.jpg\" class=\"attachment-shop_catalog size-shop_catalog wp-post-image\" alt=\"\" srcset=\"https:\/\/www.perseestetica.com\/wp-content\/uploads\/2019\/11\/Orquidea600x600-300x300.jpg 300w, https:\/\/www.perseestetica.com\/wp-content\/uploads\/2019\/11\/Orquidea600x600-100x100.jpg 100w, https:\/\/www.perseestetica.com\/wp-content\/uploads\/2019\/11\/Orquidea600x600-150x150.jpg 150w, https:\/\/www.perseestetica.com\/wp-content\/uploads\/2019\/11\/Orquidea600x600-550x550.jpg 550w, https:\/\/www.perseestetica.com\/wp-content\/uploads\/2019\/11\/Orquidea600x600.jpg 600w\" sizes=\"auto, (max-width: 300px) 100vw, 300px\" \/>\t\t<\/div>\n\t\t<a class=\"mkdf-pli-link\" itemprop=\"url\" href=\"https:\/\/www.perseestetica.com\/index.php\/product\/jardin-de-orquideas\/\" title=\"Jard\u00edn de orqu\u00eddeas\"><\/a>\n\t<\/div>\n\t<div class=\"mkdf-pli-text-wrapper\" >\n\t\t\t\t<p class=\"mkdf-pli-category\"><a href=\"https:\/\/www.perseestetica.com\/index.php\/product-category\/facial\/\" rel=\"tag\">facial<\/a><\/p>\n\t\n\t\t    <h4 itemprop=\"name\" class=\"entry-title mkdf-pli-title\" >\n\t\t<a itemprop=\"url\" href=\"https:\/\/www.perseestetica.com\/index.php\/product\/jardin-de-orquideas\/\">Jard\u00edn de orqu\u00eddeas<\/a>\n\t<\/h4>\n\t\t\n\t\t\t\t\n\t\t\n                        <div class=\"mkdf-pli-button-holder\">\n        \t\t\n\t\t\t<div class=\"mkdf-pli-price\"><span class=\"woocommerce-Price-amount amount\"><span class=\"woocommerce-Price-currencySymbol\">&euro;<\/span>55.00<\/span><\/div>\n\n\t\t\t\n\t<div class=\"mkdf-pli-add-to-cart mkdf-default-skin\">\n\t\t<a rel=\"nofollow\" href=\"\/index.php\/wp-json\/wp\/v2\/pages\/665?add-to-cart=3446\" data-quantity=\"1\" data-product_id=\"3446\" data-product_sku=\"\" class=\"button add_to_cart_button ajax_add_to_cart mkdf-button\">A\u00f1adir al carrito<\/a>\t<\/div>\n\n                    <\/div>\n        \t<\/div>\n<\/div><div class=\"mkdf-pli mkdf-item-space mkdf-woo-image-normal-width\">\n\t<div class=\"mkdf-pli-inner\">\n\t\t<div class=\"mkdf-pli-image\">\n\t\t\t\n<img loading=\"lazy\" decoding=\"async\" width=\"300\" height=\"300\" src=\"https:\/\/www.perseestetica.com\/wp-content\/uploads\/2019\/11\/karite600x600-300x300.jpg\" class=\"attachment-shop_catalog size-shop_catalog wp-post-image\" alt=\"\" srcset=\"https:\/\/www.perseestetica.com\/wp-content\/uploads\/2019\/11\/karite600x600-300x300.jpg 300w, https:\/\/www.perseestetica.com\/wp-content\/uploads\/2019\/11\/karite600x600-100x100.jpg 100w, https:\/\/www.perseestetica.com\/wp-content\/uploads\/2019\/11\/karite600x600-150x150.jpg 150w, https:\/\/www.perseestetica.com\/wp-content\/uploads\/2019\/11\/karite600x600-550x550.jpg 550w, https:\/\/www.perseestetica.com\/wp-content\/uploads\/2019\/11\/karite600x600.jpg 600w\" sizes=\"auto, (max-width: 300px) 100vw, 300px\" \/>\t\t<\/div>\n\t\t<a class=\"mkdf-pli-link\" itemprop=\"url\" href=\"https:\/\/www.perseestetica.com\/index.php\/product\/manteca-de-karite\/\" title=\"MANTECA DE KARIT\u00c9\"><\/a>\n\t<\/div>\n\t<div class=\"mkdf-pli-text-wrapper\" >\n\t\t\t\t<p class=\"mkdf-pli-category\"><a href=\"https:\/\/www.perseestetica.com\/index.php\/product-category\/corporal\/\" rel=\"tag\">corporal<\/a><\/p>\n\t\n\t\t    <h4 itemprop=\"name\" class=\"entry-title mkdf-pli-title\" >\n\t\t<a itemprop=\"url\" href=\"https:\/\/www.perseestetica.com\/index.php\/product\/manteca-de-karite\/\">MANTECA DE KARIT\u00c9<\/a>\n\t<\/h4>\n\t\t\n\t\t\t\t\n\t\t\n                        <div class=\"mkdf-pli-button-holder\">\n        \t\t\n\t\t\t<div class=\"mkdf-pli-price\"><span class=\"woocommerce-Price-amount amount\"><span class=\"woocommerce-Price-currencySymbol\">&euro;<\/span>55.00<\/span><\/div>\n\n\t\t\t\n\t<div class=\"mkdf-pli-add-to-cart mkdf-default-skin\">\n\t\t<a rel=\"nofollow\" href=\"\/index.php\/wp-json\/wp\/v2\/pages\/665?add-to-cart=3447\" data-quantity=\"1\" data-product_id=\"3447\" data-product_sku=\"\" class=\"button add_to_cart_button ajax_add_to_cart mkdf-button\">A\u00f1adir al carrito<\/a>\t<\/div>\n\n                    <\/div>\n        \t<\/div>\n<\/div><div class=\"mkdf-pli mkdf-item-space mkdf-woo-image-normal-width\">\n\t<div class=\"mkdf-pli-inner\">\n\t\t<div class=\"mkdf-pli-image\">\n\t\t\t\n<img loading=\"lazy\" decoding=\"async\" width=\"300\" height=\"300\" src=\"https:\/\/www.perseestetica.com\/wp-content\/uploads\/2019\/11\/oro-facial-300x300.jpg\" class=\"attachment-shop_catalog size-shop_catalog wp-post-image\" alt=\"\" srcset=\"https:\/\/www.perseestetica.com\/wp-content\/uploads\/2019\/11\/oro-facial-300x300.jpg 300w, https:\/\/www.perseestetica.com\/wp-content\/uploads\/2019\/11\/oro-facial-100x100.jpg 100w, https:\/\/www.perseestetica.com\/wp-content\/uploads\/2019\/11\/oro-facial-150x150.jpg 150w, https:\/\/www.perseestetica.com\/wp-content\/uploads\/2019\/11\/oro-facial-550x550.jpg 550w, https:\/\/www.perseestetica.com\/wp-content\/uploads\/2019\/11\/oro-facial.jpg 600w\" sizes=\"auto, (max-width: 300px) 100vw, 300px\" \/>\t\t<\/div>\n\t\t<a class=\"mkdf-pli-link\" itemprop=\"url\" href=\"https:\/\/www.perseestetica.com\/index.php\/product\/beauty-oro\/\" title=\"BEAUTY ORO\"><\/a>\n\t<\/div>\n\t<div class=\"mkdf-pli-text-wrapper\" >\n\t\t\t\t<p class=\"mkdf-pli-category\"><a href=\"https:\/\/www.perseestetica.com\/index.php\/product-category\/facial\/\" rel=\"tag\">facial<\/a><\/p>\n\t\n\t\t    <h4 itemprop=\"name\" class=\"entry-title mkdf-pli-title\" >\n\t\t<a itemprop=\"url\" href=\"https:\/\/www.perseestetica.com\/index.php\/product\/beauty-oro\/\">BEAUTY ORO<\/a>\n\t<\/h4>\n\t\t\n\t\t\t\t\n\t\t\n                        <div class=\"mkdf-pli-button-holder\">\n        \t\t\n\t\t\t<div class=\"mkdf-pli-price\"><span class=\"woocommerce-Price-amount amount\"><span class=\"woocommerce-Price-currencySymbol\">&euro;<\/span>55.00<\/span><\/div>\n\n\t\t\t\n\t<div class=\"mkdf-pli-add-to-cart mkdf-default-skin\">\n\t\t<a rel=\"nofollow\" href=\"\/index.php\/wp-json\/wp\/v2\/pages\/665?add-to-cart=3460\" data-quantity=\"1\" data-product_id=\"3460\" data-product_sku=\"\" class=\"button add_to_cart_button ajax_add_to_cart mkdf-button\">A\u00f1adir al carrito<\/a>\t<\/div>\n\n                    <\/div>\n        \t<\/div>\n<\/div><div class=\"mkdf-pli mkdf-item-space mkdf-woo-image-normal-width\">\n\t<div class=\"mkdf-pli-inner\">\n\t\t<div class=\"mkdf-pli-image\">\n\t\t\t\n<img loading=\"lazy\" decoding=\"async\" width=\"300\" height=\"300\" src=\"https:\/\/www.perseestetica.com\/wp-content\/uploads\/2017\/09\/generico1-300x300.jpg\" class=\"attachment-shop_catalog size-shop_catalog wp-post-image\" alt=\"\" srcset=\"https:\/\/www.perseestetica.com\/wp-content\/uploads\/2017\/09\/generico1-300x300.jpg 300w, https:\/\/www.perseestetica.com\/wp-content\/uploads\/2017\/09\/generico1-100x100.jpg 100w, https:\/\/www.perseestetica.com\/wp-content\/uploads\/2017\/09\/generico1-600x600.jpg 600w, https:\/\/www.perseestetica.com\/wp-content\/uploads\/2017\/09\/generico1-150x150.jpg 150w, https:\/\/www.perseestetica.com\/wp-content\/uploads\/2017\/09\/generico1-550x550.jpg 550w, https:\/\/www.perseestetica.com\/wp-content\/uploads\/2017\/09\/generico1.jpg 700w\" sizes=\"auto, (max-width: 300px) 100vw, 300px\" \/>\t\t<\/div>\n\t\t<a class=\"mkdf-pli-link\" itemprop=\"url\" href=\"https:\/\/www.perseestetica.com\/index.php\/product\/orange-soap-bar\/\" title=\"Elixir de juventud\"><\/a>\n\t<\/div>\n\t<div class=\"mkdf-pli-text-wrapper\" >\n\t\t\t\t<p class=\"mkdf-pli-category\"><a href=\"https:\/\/www.perseestetica.com\/index.php\/product-category\/facial\/\" rel=\"tag\">facial<\/a><\/p>\n\t\n\t\t    <h4 itemprop=\"name\" class=\"entry-title mkdf-pli-title\" >\n\t\t<a itemprop=\"url\" href=\"https:\/\/www.perseestetica.com\/index.php\/product\/orange-soap-bar\/\">Elixir de juventud<\/a>\n\t<\/h4>\n\t\t\n\t\t\t\t\n\t\t\n                        <div class=\"mkdf-pli-button-holder\">\n        \t\t\n\t\t\t<div class=\"mkdf-pli-price\"><span class=\"woocommerce-Price-amount amount\"><span class=\"woocommerce-Price-currencySymbol\">&euro;<\/span>65.00<\/span><\/div>\n\n\t\t\t\n\t<div class=\"mkdf-pli-add-to-cart mkdf-default-skin\">\n\t\t<a rel=\"nofollow\" href=\"\/index.php\/wp-json\/wp\/v2\/pages\/665?add-to-cart=775\" data-quantity=\"1\" data-product_id=\"775\" data-product_sku=\"\" class=\"button add_to_cart_button ajax_add_to_cart mkdf-button\">A\u00f1adir al carrito<\/a>\t<\/div>\n\n                    <\/div>\n        \t<\/div>\n<\/div><div class=\"mkdf-pli mkdf-item-space mkdf-woo-image-normal-width\">\n\t<div class=\"mkdf-pli-inner\">\n\t\t<div class=\"mkdf-pli-image\">\n\t\t\t\n<img loading=\"lazy\" decoding=\"async\" width=\"300\" height=\"300\" src=\"https:\/\/www.perseestetica.com\/wp-content\/uploads\/2017\/09\/generico2-300x300.jpg\" class=\"attachment-shop_catalog size-shop_catalog wp-post-image\" alt=\"\" srcset=\"https:\/\/www.perseestetica.com\/wp-content\/uploads\/2017\/09\/generico2-300x300.jpg 300w, https:\/\/www.perseestetica.com\/wp-content\/uploads\/2017\/09\/generico2-100x100.jpg 100w, https:\/\/www.perseestetica.com\/wp-content\/uploads\/2017\/09\/generico2-600x600.jpg 600w, https:\/\/www.perseestetica.com\/wp-content\/uploads\/2017\/09\/generico2-150x150.jpg 150w, https:\/\/www.perseestetica.com\/wp-content\/uploads\/2017\/09\/generico2-550x550.jpg 550w, https:\/\/www.perseestetica.com\/wp-content\/uploads\/2017\/09\/generico2.jpg 700w\" sizes=\"auto, (max-width: 300px) 100vw, 300px\" \/>\t\t<\/div>\n\t\t<a class=\"mkdf-pli-link\" itemprop=\"url\" href=\"https:\/\/www.perseestetica.com\/index.php\/product\/rose-soap\/\" title=\"Descontaminante oxigenizante\"><\/a>\n\t<\/div>\n\t<div class=\"mkdf-pli-text-wrapper\" >\n\t\t\t\t<p class=\"mkdf-pli-category\"><a href=\"https:\/\/www.perseestetica.com\/index.php\/product-category\/facial\/\" rel=\"tag\">facial<\/a><\/p>\n\t\n\t\t    <h4 itemprop=\"name\" class=\"entry-title mkdf-pli-title\" >\n\t\t<a itemprop=\"url\" href=\"https:\/\/www.perseestetica.com\/index.php\/product\/rose-soap\/\">Descontaminante oxigenizante<\/a>\n\t<\/h4>\n\t\t\n\t\t\t\t\n\t\t\n                        <div class=\"mkdf-pli-button-holder\">\n        \t\t\n\t\t\t<div class=\"mkdf-pli-price\"><span class=\"woocommerce-Price-amount amount\"><span class=\"woocommerce-Price-currencySymbol\">&euro;<\/span>65.00<\/span><\/div>\n\n\t\t\t\n\t<div class=\"mkdf-pli-add-to-cart mkdf-default-skin\">\n\t\t<a rel=\"nofollow\" href=\"\/index.php\/wp-json\/wp\/v2\/pages\/665?add-to-cart=780\" data-quantity=\"1\" data-product_id=\"780\" data-product_sku=\"\" class=\"button add_to_cart_button ajax_add_to_cart mkdf-button\">A\u00f1adir al carrito<\/a>\t<\/div>\n\n                    <\/div>\n        \t<\/div>\n<\/div><div class=\"mkdf-pli mkdf-item-space mkdf-woo-image-normal-width\">\n\t<div class=\"mkdf-pli-inner\">\n\t\t<div class=\"mkdf-pli-image\">\n\t\t\t\n<img loading=\"lazy\" decoding=\"async\" width=\"300\" height=\"300\" src=\"https:\/\/www.perseestetica.com\/wp-content\/uploads\/2021\/06\/BONO-CYFOLIA-AA-300x300.jpg\" class=\"attachment-shop_catalog size-shop_catalog wp-post-image\" alt=\"\" srcset=\"https:\/\/www.perseestetica.com\/wp-content\/uploads\/2021\/06\/BONO-CYFOLIA-AA-300x300.jpg 300w, https:\/\/www.perseestetica.com\/wp-content\/uploads\/2021\/06\/BONO-CYFOLIA-AA-1024x1024.jpg 1024w, https:\/\/www.perseestetica.com\/wp-content\/uploads\/2021\/06\/BONO-CYFOLIA-AA-150x150.jpg 150w, https:\/\/www.perseestetica.com\/wp-content\/uploads\/2021\/06\/BONO-CYFOLIA-AA-768x768.jpg 768w, https:\/\/www.perseestetica.com\/wp-content\/uploads\/2021\/06\/BONO-CYFOLIA-AA-550x550.jpg 550w, https:\/\/www.perseestetica.com\/wp-content\/uploads\/2021\/06\/BONO-CYFOLIA-AA-600x600.jpg 600w, https:\/\/www.perseestetica.com\/wp-content\/uploads\/2021\/06\/BONO-CYFOLIA-AA-100x100.jpg 100w, https:\/\/www.perseestetica.com\/wp-content\/uploads\/2021\/06\/BONO-CYFOLIA-AA.jpg 1080w\" sizes=\"auto, (max-width: 300px) 100vw, 300px\" \/>\t\t<\/div>\n\t\t<a class=\"mkdf-pli-link\" itemprop=\"url\" href=\"https:\/\/www.perseestetica.com\/index.php\/product\/cyfolia\/\" title=\"CYFOLIA\"><\/a>\n\t<\/div>\n\t<div class=\"mkdf-pli-text-wrapper\" >\n\t\t\t\t<p class=\"mkdf-pli-category\"><a href=\"https:\/\/www.perseestetica.com\/index.php\/product-category\/facial\/\" rel=\"tag\">facial<\/a>, <a href=\"https:\/\/www.perseestetica.com\/index.php\/product-category\/organic\/\" rel=\"tag\">Organic<\/a><\/p>\n\t\n\t\t    <h4 itemprop=\"name\" class=\"entry-title mkdf-pli-title\" >\n\t\t<a itemprop=\"url\" href=\"https:\/\/www.perseestetica.com\/index.php\/product\/cyfolia\/\">CYFOLIA<\/a>\n\t<\/h4>\n\t\t\n\t\t\t\t\n\t\t\n                        <div class=\"mkdf-pli-button-holder\">\n        \t\t\n\t\t\t<div class=\"mkdf-pli-price\"><span class=\"woocommerce-Price-amount amount\"><span class=\"woocommerce-Price-currencySymbol\">&euro;<\/span>75.00<\/span><\/div>\n\n\t\t\t\n\t<div class=\"mkdf-pli-add-to-cart mkdf-default-skin\">\n\t\t<a rel=\"nofollow\" href=\"\/index.php\/wp-json\/wp\/v2\/pages\/665?add-to-cart=3729\" data-quantity=\"1\" data-product_id=\"3729\" data-product_sku=\"\" class=\"button add_to_cart_button ajax_add_to_cart mkdf-button\">A\u00f1adir al carrito<\/a>\t<\/div>\n\n                    <\/div>\n        \t<\/div>\n<\/div><div class=\"mkdf-pli mkdf-item-space mkdf-woo-image-normal-width\">\n\t<div class=\"mkdf-pli-inner\">\n\t\t<div class=\"mkdf-pli-image\">\n\t\t\t\n<img loading=\"lazy\" decoding=\"async\" width=\"300\" height=\"300\" src=\"https:\/\/www.perseestetica.com\/wp-content\/uploads\/2017\/09\/DEL_MAR-300x300.jpg\" class=\"attachment-shop_catalog size-shop_catalog wp-post-image\" alt=\"\" srcset=\"https:\/\/www.perseestetica.com\/wp-content\/uploads\/2017\/09\/DEL_MAR-300x300.jpg 300w, https:\/\/www.perseestetica.com\/wp-content\/uploads\/2017\/09\/DEL_MAR-100x100.jpg 100w, https:\/\/www.perseestetica.com\/wp-content\/uploads\/2017\/09\/DEL_MAR-600x600.jpg 600w, https:\/\/www.perseestetica.com\/wp-content\/uploads\/2017\/09\/DEL_MAR-150x150.jpg 150w, https:\/\/www.perseestetica.com\/wp-content\/uploads\/2017\/09\/DEL_MAR-550x550.jpg 550w, https:\/\/www.perseestetica.com\/wp-content\/uploads\/2017\/09\/DEL_MAR.jpg 700w\" sizes=\"auto, (max-width: 300px) 100vw, 300px\" \/>\t\t<\/div>\n\t\t<a class=\"mkdf-pli-link\" itemprop=\"url\" href=\"https:\/\/www.perseestetica.com\/index.php\/product\/cocoa-bean-soap\/\" title=\"Del mar a tu piel\"><\/a>\n\t<\/div>\n\t<div class=\"mkdf-pli-text-wrapper\" >\n\t\t\t\t<p class=\"mkdf-pli-category\"><a href=\"https:\/\/www.perseestetica.com\/index.php\/product-category\/corporal\/\" rel=\"tag\">corporal<\/a><\/p>\n\t\n\t\t    <h4 itemprop=\"name\" class=\"entry-title mkdf-pli-title\" >\n\t\t<a itemprop=\"url\" href=\"https:\/\/www.perseestetica.com\/index.php\/product\/cocoa-bean-soap\/\">Del mar a tu piel<\/a>\n\t<\/h4>\n\t\t\n\t\t\t\t\n\t\t\n                        <div class=\"mkdf-pli-button-holder\">\n        \t\t\n\t\t\t<div class=\"mkdf-pli-price\"><span class=\"woocommerce-Price-amount amount\"><span class=\"woocommerce-Price-currencySymbol\">&euro;<\/span>75.00<\/span><\/div>\n\n\t\t\t\n\t<div class=\"mkdf-pli-add-to-cart mkdf-default-skin\">\n\t\t<a rel=\"nofollow\" href=\"\/index.php\/wp-json\/wp\/v2\/pages\/665?add-to-cart=781\" data-quantity=\"1\" data-product_id=\"781\" data-product_sku=\"\" class=\"button add_to_cart_button ajax_add_to_cart mkdf-button\">A\u00f1adir al carrito<\/a>\t<\/div>\n\n                    <\/div>\n        \t<\/div>\n<\/div><div class=\"mkdf-pli mkdf-item-space mkdf-woo-image-normal-width\">\n\t<div class=\"mkdf-pli-inner\">\n\t\t<div class=\"mkdf-pli-image\">\n\t\t\t\n<img loading=\"lazy\" decoding=\"async\" width=\"300\" height=\"300\" src=\"https:\/\/www.perseestetica.com\/wp-content\/uploads\/2017\/12\/PASION-300x300.jpg\" class=\"attachment-shop_catalog size-shop_catalog wp-post-image\" alt=\"\" srcset=\"https:\/\/www.perseestetica.com\/wp-content\/uploads\/2017\/12\/PASION-300x300.jpg 300w, https:\/\/www.perseestetica.com\/wp-content\/uploads\/2017\/12\/PASION-100x100.jpg 100w, https:\/\/www.perseestetica.com\/wp-content\/uploads\/2017\/12\/PASION-600x600.jpg 600w, https:\/\/www.perseestetica.com\/wp-content\/uploads\/2017\/12\/PASION-150x150.jpg 150w, https:\/\/www.perseestetica.com\/wp-content\/uploads\/2017\/12\/PASION-550x550.jpg 550w, https:\/\/www.perseestetica.com\/wp-content\/uploads\/2017\/12\/PASION.jpg 700w\" sizes=\"auto, (max-width: 300px) 100vw, 300px\" \/>\t\t<\/div>\n\t\t<a class=\"mkdf-pli-link\" itemprop=\"url\" href=\"https:\/\/www.perseestetica.com\/index.php\/product\/flor-de-la-pasion\/\" title=\"Flor de la pasi\u00f3n\"><\/a>\n\t<\/div>\n\t<div class=\"mkdf-pli-text-wrapper\" >\n\t\t\t\t<p class=\"mkdf-pli-category\"><a href=\"https:\/\/www.perseestetica.com\/index.php\/product-category\/facialcorporal\/\" rel=\"tag\">facial+corporal<\/a><\/p>\n\t\n\t\t    <h4 itemprop=\"name\" class=\"entry-title mkdf-pli-title\" >\n\t\t<a itemprop=\"url\" href=\"https:\/\/www.perseestetica.com\/index.php\/product\/flor-de-la-pasion\/\">Flor de la pasi\u00f3n<\/a>\n\t<\/h4>\n\t\t\n\t\t\t\t\n\t\t\n                        <div class=\"mkdf-pli-button-holder\">\n        \t\t\n\t\t\t<div class=\"mkdf-pli-price\"><span class=\"woocommerce-Price-amount amount\"><span class=\"woocommerce-Price-currencySymbol\">&euro;<\/span>80.00<\/span><\/div>\n\n\t\t\t\n\t<div class=\"mkdf-pli-add-to-cart mkdf-default-skin\">\n\t\t<a rel=\"nofollow\" href=\"\/index.php\/wp-json\/wp\/v2\/pages\/665?add-to-cart=3046\" data-quantity=\"1\" data-product_id=\"3046\" data-product_sku=\"\" class=\"button add_to_cart_button ajax_add_to_cart mkdf-button\">A\u00f1adir al carrito<\/a>\t<\/div>\n\n                    <\/div>\n        \t<\/div>\n<\/div><div class=\"mkdf-pli mkdf-item-space mkdf-woo-image-normal-width\">\n\t<div class=\"mkdf-pli-inner\">\n\t\t<div class=\"mkdf-pli-image\">\n\t\t\t\n<img loading=\"lazy\" decoding=\"async\" width=\"300\" height=\"300\" src=\"https:\/\/www.perseestetica.com\/wp-content\/uploads\/2019\/11\/golden-spa-300x300.jpg\" class=\"attachment-shop_catalog size-shop_catalog wp-post-image\" alt=\"\" srcset=\"https:\/\/www.perseestetica.com\/wp-content\/uploads\/2019\/11\/golden-spa-300x300.jpg 300w, https:\/\/www.perseestetica.com\/wp-content\/uploads\/2019\/11\/golden-spa-100x100.jpg 100w, https:\/\/www.perseestetica.com\/wp-content\/uploads\/2019\/11\/golden-spa-150x150.jpg 150w, https:\/\/www.perseestetica.com\/wp-content\/uploads\/2019\/11\/golden-spa-550x550.jpg 550w, https:\/\/www.perseestetica.com\/wp-content\/uploads\/2019\/11\/golden-spa.jpg 600w\" sizes=\"auto, (max-width: 300px) 100vw, 300px\" \/>\t\t<\/div>\n\t\t<a class=\"mkdf-pli-link\" itemprop=\"url\" href=\"https:\/\/www.perseestetica.com\/index.php\/product\/golden-spa\/\" title=\"GOLDEN SPA\"><\/a>\n\t<\/div>\n\t<div class=\"mkdf-pli-text-wrapper\" >\n\t\t\t\t<p class=\"mkdf-pli-category\"><a href=\"https:\/\/www.perseestetica.com\/index.php\/product-category\/facialcorporal\/\" rel=\"tag\">facial+corporal<\/a><\/p>\n\t\n\t\t    <h4 itemprop=\"name\" class=\"entry-title mkdf-pli-title\" >\n\t\t<a itemprop=\"url\" href=\"https:\/\/www.perseestetica.com\/index.php\/product\/golden-spa\/\">GOLDEN SPA<\/a>\n\t<\/h4>\n\t\t\n\t\t\t\t\n\t\t\n                        <div class=\"mkdf-pli-button-holder\">\n        \t\t\n\t\t\t<div class=\"mkdf-pli-price\"><span class=\"woocommerce-Price-amount amount\"><span class=\"woocommerce-Price-currencySymbol\">&euro;<\/span>90.00<\/span><\/div>\n\n\t\t\t\n\t<div class=\"mkdf-pli-add-to-cart mkdf-default-skin\">\n\t\t<a rel=\"nofollow\" href=\"\/index.php\/wp-json\/wp\/v2\/pages\/665?add-to-cart=3468\" data-quantity=\"1\" data-product_id=\"3468\" data-product_sku=\"\" class=\"button add_to_cart_button ajax_add_to_cart mkdf-button\">A\u00f1adir al carrito<\/a>\t<\/div>\n\n                    <\/div>\n        \t<\/div>\n<\/div><div class=\"mkdf-pli mkdf-item-space mkdf-woo-image-normal-width\">\n\t<div class=\"mkdf-pli-inner\">\n\t\t<div class=\"mkdf-pli-image\">\n\t\t\t\n<img loading=\"lazy\" decoding=\"async\" width=\"300\" height=\"300\" src=\"https:\/\/www.perseestetica.com\/wp-content\/uploads\/2025\/03\/FLORALOVE-web-300x300.jpg\" class=\"attachment-shop_catalog size-shop_catalog wp-post-image\" alt=\"\" srcset=\"https:\/\/www.perseestetica.com\/wp-content\/uploads\/2025\/03\/FLORALOVE-web-300x300.jpg 300w, https:\/\/www.perseestetica.com\/wp-content\/uploads\/2025\/03\/FLORALOVE-web-150x150.jpg 150w, https:\/\/www.perseestetica.com\/wp-content\/uploads\/2025\/03\/FLORALOVE-web-550x550.jpg 550w, https:\/\/www.perseestetica.com\/wp-content\/uploads\/2025\/03\/FLORALOVE-web-600x600.jpg 600w, https:\/\/www.perseestetica.com\/wp-content\/uploads\/2025\/03\/FLORALOVE-web-100x100.jpg 100w, https:\/\/www.perseestetica.com\/wp-content\/uploads\/2025\/03\/FLORALOVE-web.jpg 700w\" sizes=\"auto, (max-width: 300px) 100vw, 300px\" \/>\t\t<\/div>\n\t\t<a class=\"mkdf-pli-link\" itemprop=\"url\" href=\"https:\/\/www.perseestetica.com\/index.php\/product\/floralove\/\" title=\"FLORALOVE\"><\/a>\n\t<\/div>\n\t<div class=\"mkdf-pli-text-wrapper\" >\n\t\t\t\t<p class=\"mkdf-pli-category\"><a href=\"https:\/\/www.perseestetica.com\/index.php\/product-category\/facial\/\" rel=\"tag\">facial<\/a>, <a href=\"https:\/\/www.perseestetica.com\/index.php\/product-category\/organic\/\" rel=\"tag\">Organic<\/a><\/p>\n\t\n\t\t    <h4 itemprop=\"name\" class=\"entry-title mkdf-pli-title\" >\n\t\t<a itemprop=\"url\" href=\"https:\/\/www.perseestetica.com\/index.php\/product\/floralove\/\">FLORALOVE<\/a>\n\t<\/h4>\n\t\t\n\t\t\t\t\n\t\t\n                        <div class=\"mkdf-pli-button-holder\">\n        \t\t\n\t\t\t<div class=\"mkdf-pli-price\"><span class=\"woocommerce-Price-amount amount\"><span class=\"woocommerce-Price-currencySymbol\">&euro;<\/span>75.00<\/span><\/div>\n\n\t\t\t\n\t<div class=\"mkdf-pli-add-to-cart mkdf-default-skin\">\n\t\t<a rel=\"nofollow\" href=\"\/index.php\/wp-json\/wp\/v2\/pages\/665?add-to-cart=4170\" data-quantity=\"1\" data-product_id=\"4170\" data-product_sku=\"\" class=\"button add_to_cart_button ajax_add_to_cart mkdf-button\">A\u00f1adir al carrito<\/a>\t<\/div>\n\n                    <\/div>\n        \t<\/div>\n<\/div>\t<\/div>\n<\/div>[\/vc_column][\/vc_row][vc_row][\/vc_row][vc_row][vc_column width=\u00bb2\/3&#8243; css=\u00bb.vc_custom_1526485991938{padding-left: 25% !important;}\u00bb][vc_column_text]\u00a9 PER SE ESTETICA &#8211; <a href=\"https:\/\/www.perseestetica.com\/wp-content\/uploads\/2018\/09\/politica_privacidad.pdf\">Pol\u00edtica de Privacidad<\/a> &#8211; <a href=\"https:\/\/laconsultacreativa.com\/\" target=\"_blank\" rel=\"noopener noreferrer\">Dise\u00f1o Web: La Consulta Creativa<\/a>[\/vc_column_text][\/vc_column][vc_column width=\u00bb1\/3&#8243;][vc_column_text]<\/p>\n<p style=\"text-align: center;\"><a href=\"https:\/\/www.facebook.com\/perseesteticua\/\"><img loading=\"lazy\" decoding=\"async\" class=\"size-full wp-image-3208 alignleft\" src=\"http:\/\/www.perseestetica.com\/wp-content\/uploads\/2017\/12\/icono_facebook.png\" alt=\"\" width=\"43\" height=\"50\" \/><\/a><a href=\"https:\/\/www.instagram.com\/perse_esteticua\/\"><img loading=\"lazy\" decoding=\"async\" class=\"size-full wp-image-3209 alignleft\" src=\"http:\/\/www.perseestetica.com\/wp-content\/uploads\/2017\/12\/icono_instagram.png\" alt=\"\" width=\"43\" height=\"50\" \/><\/a><a href=\" https:\/\/open.spotify.com\/user\/yagk4yaq647lufoj18id96ur2\/playlist\/30OiEwS7c0a0GS86K5Lg75\"><img loading=\"lazy\" decoding=\"async\" class=\"size-full wp-image-3277 alignleft\" src=\"http:\/\/www.perseestetica.com\/wp-content\/uploads\/2018\/01\/icono_spotify.png\" alt=\"\" width=\"43\" height=\"50\" \/><\/a><\/p>\n<p>[\/vc_column_text][\/vc_column][\/vc_row]<\/p>\n<\/div>","protected":false},"excerpt":{"rendered":"<p>[vc_row row_content_width=\u00bbgrid\u00bb disable_background_image=\u00bb1280&#8243; content_text_aligment=\u00bbcenter\u00bb css=\u00bb.vc_custom_1508772162036{padding-top: 80px !important;padding-bottom: 33px !important;background-position: center !important;background-repeat: no-repeat !important;background-size: cover !important;}\u00bb simple_background_image=\u00bb2010&#8243;][vc_column][vc_empty_space height=\u00bb75px\u00bb][\/vc_column][\/vc_row][vc_row row_content_width=\u00bbgrid\u00bb disable_background_image=\u00bb\u00bb content_text_aligment=\u00bbcenter\u00bb css=\u00bb.vc_custom_1508488135678{padding-top: 75px !important;padding-bottom: 25px !important;background-position: center !important;background-repeat: no-repeat !important;background-size: cover !important;}\u00bb simple_background_image=\u00bb691&#8243;][vc_column][vc_empty_space][\/vc_column][\/vc_row][vc_row][\/vc_row][vc_row][vc_column width=\u00bb2\/3&#8243; css=\u00bb.vc_custom_1526485991938{padding-left: 25% !important;}\u00bb][vc_column_text]\u00a9 PER SE ESTETICA &#8211; [&hellip;]<\/p>\n","protected":false},"author":1,"featured_media":0,"parent":0,"menu_order":0,"comment_status":"closed","ping_status":"closed","template":"full-width.php","meta":{"footnotes":""},"class_list":["post-665","page","type-page","status-publish","hentry"],"yoast_head":"<!-- This site is optimized with the Yoast SEO plugin v27.0 - https:\/\/yoast.com\/product\/yoast-seo-wordpress\/ -->\n<title>Tienda - PER SE ESTETICA<\/title>\n<meta name=\"description\" content=\"Tienda online de est\u00e9tica y belleza. Regala tratamientos, regala belleza, regala bienestar. Haz un regalo original con un bono PERSE est\u00e9tica, estamos en Vitoria-Gasteiz.\" \/>\n<meta name=\"robots\" content=\"index, follow, max-snippet:-1, max-image-preview:large, max-video-preview:-1\" \/>\n<link rel=\"canonical\" href=\"https:\/\/www.perseestetica.com\/index.php\/tienda-perse-estetica\/\" \/>\n<meta property=\"og:locale\" content=\"es_ES\" \/>\n<meta property=\"og:type\" content=\"article\" \/>\n<meta property=\"og:title\" content=\"Tienda - PER SE ESTETICA\" \/>\n<meta property=\"og:description\" content=\"Tienda online de est\u00e9tica y belleza. Regala tratamientos, regala belleza, regala bienestar. Haz un regalo original con un bono PERSE est\u00e9tica, estamos en Vitoria-Gasteiz.\" \/>\n<meta property=\"og:url\" content=\"https:\/\/www.perseestetica.com\/index.php\/tienda-perse-estetica\/\" \/>\n<meta property=\"og:site_name\" content=\"PER SE ESTETICA\" \/>\n<meta property=\"article:modified_time\" content=\"2025-03-03T09:53:34+00:00\" \/>\n<meta property=\"og:image\" content=\"http:\/\/www.perseestetica.com\/wp-content\/uploads\/2017\/12\/icono_facebook.png\" \/>\n<meta name=\"twitter:card\" content=\"summary_large_image\" \/>\n<meta name=\"twitter:label1\" content=\"Tiempo de lectura\" \/>\n\t<meta name=\"twitter:data1\" content=\"3 minutos\" \/>\n<script type=\"application\/ld+json\" class=\"yoast-schema-graph\">{\"@context\":\"https:\/\/schema.org\",\"@graph\":[{\"@type\":\"WebPage\",\"@id\":\"https:\/\/www.perseestetica.com\/index.php\/tienda-perse-estetica\/\",\"url\":\"https:\/\/www.perseestetica.com\/index.php\/tienda-perse-estetica\/\",\"name\":\"Tienda - PER SE ESTETICA\",\"isPartOf\":{\"@id\":\"https:\/\/www.perseestetica.com\/#website\"},\"primaryImageOfPage\":{\"@id\":\"https:\/\/www.perseestetica.com\/index.php\/tienda-perse-estetica\/#primaryimage\"},\"image\":{\"@id\":\"https:\/\/www.perseestetica.com\/index.php\/tienda-perse-estetica\/#primaryimage\"},\"thumbnailUrl\":\"http:\/\/www.perseestetica.com\/wp-content\/uploads\/2017\/12\/icono_facebook.png\",\"datePublished\":\"2017-09-20T11:57:01+00:00\",\"dateModified\":\"2025-03-03T09:53:34+00:00\",\"description\":\"Tienda online de est\u00e9tica y belleza. Regala tratamientos, regala belleza, regala bienestar. Haz un regalo original con un bono PERSE est\u00e9tica, estamos en Vitoria-Gasteiz.\",\"breadcrumb\":{\"@id\":\"https:\/\/www.perseestetica.com\/index.php\/tienda-perse-estetica\/#breadcrumb\"},\"inLanguage\":\"es\",\"potentialAction\":[{\"@type\":\"ReadAction\",\"target\":[\"https:\/\/www.perseestetica.com\/index.php\/tienda-perse-estetica\/\"]}]},{\"@type\":\"ImageObject\",\"inLanguage\":\"es\",\"@id\":\"https:\/\/www.perseestetica.com\/index.php\/tienda-perse-estetica\/#primaryimage\",\"url\":\"http:\/\/www.perseestetica.com\/wp-content\/uploads\/2017\/12\/icono_facebook.png\",\"contentUrl\":\"http:\/\/www.perseestetica.com\/wp-content\/uploads\/2017\/12\/icono_facebook.png\"},{\"@type\":\"BreadcrumbList\",\"@id\":\"https:\/\/www.perseestetica.com\/index.php\/tienda-perse-estetica\/#breadcrumb\",\"itemListElement\":[{\"@type\":\"ListItem\",\"position\":1,\"name\":\"Portada\",\"item\":\"https:\/\/www.perseestetica.com\/\"},{\"@type\":\"ListItem\",\"position\":2,\"name\":\"Tienda\"}]},{\"@type\":\"WebSite\",\"@id\":\"https:\/\/www.perseestetica.com\/#website\",\"url\":\"https:\/\/www.perseestetica.com\/\",\"name\":\"PER SE ESTETICA\",\"description\":\"Centro de est\u00e9tica y bienestar en Vitoria-Gasteiz\",\"potentialAction\":[{\"@type\":\"SearchAction\",\"target\":{\"@type\":\"EntryPoint\",\"urlTemplate\":\"https:\/\/www.perseestetica.com\/?s={search_term_string}\"},\"query-input\":{\"@type\":\"PropertyValueSpecification\",\"valueRequired\":true,\"valueName\":\"search_term_string\"}}],\"inLanguage\":\"es\"}]}<\/script>\n<!-- \/ Yoast SEO plugin. -->","yoast_head_json":{"title":"Tienda - PER SE ESTETICA","description":"Tienda online de est\u00e9tica y belleza. Regala tratamientos, regala belleza, regala bienestar. Haz un regalo original con un bono PERSE est\u00e9tica, estamos en Vitoria-Gasteiz.","robots":{"index":"index","follow":"follow","max-snippet":"max-snippet:-1","max-image-preview":"max-image-preview:large","max-video-preview":"max-video-preview:-1"},"canonical":"https:\/\/www.perseestetica.com\/index.php\/tienda-perse-estetica\/","og_locale":"es_ES","og_type":"article","og_title":"Tienda - PER SE ESTETICA","og_description":"Tienda online de est\u00e9tica y belleza. Regala tratamientos, regala belleza, regala bienestar. Haz un regalo original con un bono PERSE est\u00e9tica, estamos en Vitoria-Gasteiz.","og_url":"https:\/\/www.perseestetica.com\/index.php\/tienda-perse-estetica\/","og_site_name":"PER SE ESTETICA","article_modified_time":"2025-03-03T09:53:34+00:00","og_image":[{"url":"http:\/\/www.perseestetica.com\/wp-content\/uploads\/2017\/12\/icono_facebook.png","type":"","width":"","height":""}],"twitter_card":"summary_large_image","twitter_misc":{"Tiempo de lectura":"3 minutos"},"schema":{"@context":"https:\/\/schema.org","@graph":[{"@type":"WebPage","@id":"https:\/\/www.perseestetica.com\/index.php\/tienda-perse-estetica\/","url":"https:\/\/www.perseestetica.com\/index.php\/tienda-perse-estetica\/","name":"Tienda - PER SE ESTETICA","isPartOf":{"@id":"https:\/\/www.perseestetica.com\/#website"},"primaryImageOfPage":{"@id":"https:\/\/www.perseestetica.com\/index.php\/tienda-perse-estetica\/#primaryimage"},"image":{"@id":"https:\/\/www.perseestetica.com\/index.php\/tienda-perse-estetica\/#primaryimage"},"thumbnailUrl":"http:\/\/www.perseestetica.com\/wp-content\/uploads\/2017\/12\/icono_facebook.png","datePublished":"2017-09-20T11:57:01+00:00","dateModified":"2025-03-03T09:53:34+00:00","description":"Tienda online de est\u00e9tica y belleza. Regala tratamientos, regala belleza, regala bienestar. Haz un regalo original con un bono PERSE est\u00e9tica, estamos en Vitoria-Gasteiz.","breadcrumb":{"@id":"https:\/\/www.perseestetica.com\/index.php\/tienda-perse-estetica\/#breadcrumb"},"inLanguage":"es","potentialAction":[{"@type":"ReadAction","target":["https:\/\/www.perseestetica.com\/index.php\/tienda-perse-estetica\/"]}]},{"@type":"ImageObject","inLanguage":"es","@id":"https:\/\/www.perseestetica.com\/index.php\/tienda-perse-estetica\/#primaryimage","url":"http:\/\/www.perseestetica.com\/wp-content\/uploads\/2017\/12\/icono_facebook.png","contentUrl":"http:\/\/www.perseestetica.com\/wp-content\/uploads\/2017\/12\/icono_facebook.png"},{"@type":"BreadcrumbList","@id":"https:\/\/www.perseestetica.com\/index.php\/tienda-perse-estetica\/#breadcrumb","itemListElement":[{"@type":"ListItem","position":1,"name":"Portada","item":"https:\/\/www.perseestetica.com\/"},{"@type":"ListItem","position":2,"name":"Tienda"}]},{"@type":"WebSite","@id":"https:\/\/www.perseestetica.com\/#website","url":"https:\/\/www.perseestetica.com\/","name":"PER SE ESTETICA","description":"Centro de est\u00e9tica y bienestar en Vitoria-Gasteiz","potentialAction":[{"@type":"SearchAction","target":{"@type":"EntryPoint","urlTemplate":"https:\/\/www.perseestetica.com\/?s={search_term_string}"},"query-input":{"@type":"PropertyValueSpecification","valueRequired":true,"valueName":"search_term_string"}}],"inLanguage":"es"}]}},"_links":{"self":[{"href":"https:\/\/www.perseestetica.com\/index.php\/wp-json\/wp\/v2\/pages\/665","targetHints":{"allow":["GET"]}}],"collection":[{"href":"https:\/\/www.perseestetica.com\/index.php\/wp-json\/wp\/v2\/pages"}],"about":[{"href":"https:\/\/www.perseestetica.com\/index.php\/wp-json\/wp\/v2\/types\/page"}],"author":[{"embeddable":true,"href":"https:\/\/www.perseestetica.com\/index.php\/wp-json\/wp\/v2\/users\/1"}],"replies":[{"embeddable":true,"href":"https:\/\/www.perseestetica.com\/index.php\/wp-json\/wp\/v2\/comments?post=665"}],"version-history":[{"count":38,"href":"https:\/\/www.perseestetica.com\/index.php\/wp-json\/wp\/v2\/pages\/665\/revisions"}],"predecessor-version":[{"id":4175,"href":"https:\/\/www.perseestetica.com\/index.php\/wp-json\/wp\/v2\/pages\/665\/revisions\/4175"}],"wp:attachment":[{"href":"https:\/\/www.perseestetica.com\/index.php\/wp-json\/wp\/v2\/media?parent=665"}],"curies":[{"name":"wp","href":"https:\/\/api.w.org\/{rel}","templated":true}]}}